{"id":1082,"date":"2022-12-31T15:10:54","date_gmt":"2022-12-31T14:10:54","guid":{"rendered":"https:\/\/www.baptisten-stralsund.de\/EFGwordpress\/?page_id=1082"},"modified":"2023-12-31T12:01:03","modified_gmt":"2023-12-31T11:01:03","slug":"predigten-2023","status":"publish","type":"page","link":"https:\/\/www.baptisten-stralsund.de\/EFGwordpress\/gottesdienst\/predigten-2023\/","title":{"rendered":"Predigten 2023"},"content":{"rendered":"\n<p>Hier finden Sie einige Predigten zum Nachh\u00f6ren. Die Rechte verbleiben selbstverst\u00e4ndlich beim Prediger. Die Tondokumente sind nur zum pers\u00f6nlichen Gebrauch bestimmt. Alles weitere m\u00fcsste mit dem Prediger abgesprochen werden.<\/p>\n\n\n\n<table id=\"tablepress-13\" class=\"tablepress tablepress-id-13\">\n<thead>\n<tr class=\"row-1\">\n\t<th class=\"column-1\">Datum<\/th><th class=\"column-2\">PredigerIn<\/th><th class=\"column-3\">Bibeltext <\/th><th class=\"column-4\">Thema<\/th><th class=\"column-5\">Download<\/th>\n<\/tr>\n<\/thead>\n<tbody class=\"row-striping row-hover\">\n<tr class=\"row-2\">\n\t<td class=\"column-1\">31.12.2023<\/td><td class=\"column-2\">Daniel M\u00fcller<\/td><td class=\"column-3\">Lukas 2,25-38<\/td><td class=\"column-4\">Hoffnung<\/td><td class=\"column-5\"><a href=\"http:\/\/baptisten-stralsund.de\/filesfrei\/PredigtenMP3\/2023\/2023-12-31-PredigtDMuellerLk2,25-38.mp3\"><img data-recalc-dims=\"1\" loading=\"lazy\" decoding=\"async\" src=\"https:\/\/i0.wp.com\/www.baptisten-stralsund.de\/EFGwordpress\/wp-content\/uploads\/2016\/05\/play-button-klein.jpg?resize=35%2C35\" alt=\"play-button klein\" width=\"35\" height=\"35\" class=\"alignnone size-full wp-image-61\" \/><\/a><\/td>\n<\/tr>\n<tr class=\"row-3\">\n\t<td class=\"column-1\">24.12.2023<\/td><td class=\"column-2\">Daniel M\u00fcller<\/td><td class=\"column-3\">Galater 4,4-7<\/td><td class=\"column-4\">Gott macht unsre Herzen frei<\/td><td class=\"column-5\"><a href=\"http:\/\/baptisten-stralsund.de\/filesfrei\/PredigtenMP3\/2023\/2023-12-24-PredigtDMuellerGal4,4-7.mp3\"><img data-recalc-dims=\"1\" loading=\"lazy\" decoding=\"async\" src=\"https:\/\/i0.wp.com\/www.baptisten-stralsund.de\/EFGwordpress\/wp-content\/uploads\/2016\/05\/play-button-klein.jpg?resize=35%2C35\" alt=\"play-button klein\" width=\"35\" height=\"35\" class=\"alignnone size-full wp-image-61\" \/><\/a><\/td>\n<\/tr>\n<tr class=\"row-4\">\n\t<td class=\"column-1\">17.12.2023<\/td><td class=\"column-2\">Ruth &amp; Helmut Adamy<\/td><td class=\"column-3\">Matth\u00e4us 25,31-46<\/td><td class=\"column-4\">Mach's wie Gott, werde Mensch<\/td><td class=\"column-5\"><a href=\"http:\/\/baptisten-stralsund.de\/filesfrei\/PredigtenMP3\/2023\/2023-12-17-PredigtR+HAdamyMt25,31-46.mp3\"><img data-recalc-dims=\"1\" loading=\"lazy\" decoding=\"async\" src=\"https:\/\/i0.wp.com\/www.baptisten-stralsund.de\/EFGwordpress\/wp-content\/uploads\/2016\/05\/play-button-klein.jpg?resize=35%2C35\" alt=\"play-button klein\" width=\"35\" height=\"35\" class=\"alignnone size-full wp-image-61\" \/><\/a><\/td>\n<\/tr>\n<tr class=\"row-5\">\n\t<td class=\"column-1\">10.12.2023<\/td><td class=\"column-2\">Helmfried Martschewski<\/td><td class=\"column-3\">2. Petrus 3,8-13<\/td><td class=\"column-4\">Gott kommt zur rechten Zeit<\/td><td class=\"column-5\"><a href=\"http:\/\/baptisten-stralsund.de\/filesfrei\/PredigtenMP3\/2023\/2023-12-10-PredigtHMartschewski2Petr3,8-13.mp3\"><img data-recalc-dims=\"1\" loading=\"lazy\" decoding=\"async\" src=\"https:\/\/i0.wp.com\/www.baptisten-stralsund.de\/EFGwordpress\/wp-content\/uploads\/2016\/05\/play-button-klein.jpg?resize=35%2C35\" alt=\"play-button klein\" width=\"35\" height=\"35\" class=\"alignnone size-full wp-image-61\" \/><\/a><\/td>\n<\/tr>\n<tr class=\"row-6\">\n\t<td class=\"column-1\">03.12.2023<\/td><td class=\"column-2\">Daniel M\u00fcller<\/td><td class=\"column-3\">Taufverse<\/td><td class=\"column-4\">Taufpredigt<\/td><td class=\"column-5\"><a href=\"http:\/\/baptisten-stralsund.de\/filesfrei\/PredigtenMP3\/2023\/2023-12-03-PredigtDMueller.mp3\"><img data-recalc-dims=\"1\" loading=\"lazy\" decoding=\"async\" src=\"https:\/\/i0.wp.com\/www.baptisten-stralsund.de\/EFGwordpress\/wp-content\/uploads\/2016\/05\/play-button-klein.jpg?resize=35%2C35\" alt=\"play-button klein\" width=\"35\" height=\"35\" class=\"alignnone size-full wp-image-61\" \/><\/a><\/td>\n<\/tr>\n<tr class=\"row-7\">\n\t<td class=\"column-1\">26.11.2023<\/td><td class=\"column-2\">Daniel M\u00fcller<\/td><td class=\"column-3\">Matth\u00e4us 25,31-46<\/td><td class=\"column-4\">Das Gericht \u00fcber die V\u00f6lker<\/td><td class=\"column-5\"><a href=\"http:\/\/baptisten-stralsund.de\/filesfrei\/PredigtenMP3\/2023\/2023-11-26-PredigtDMuellerMt25,31-46.mp3\"><img data-recalc-dims=\"1\" loading=\"lazy\" decoding=\"async\" src=\"https:\/\/i0.wp.com\/www.baptisten-stralsund.de\/EFGwordpress\/wp-content\/uploads\/2016\/05\/play-button-klein.jpg?resize=35%2C35\" alt=\"play-button klein\" width=\"35\" height=\"35\" class=\"alignnone size-full wp-image-61\" \/><\/a><\/td>\n<\/tr>\n<tr class=\"row-8\">\n\t<td class=\"column-1\">19.11.2023<\/td><td class=\"column-2\">Jannes Eisenberg<\/td><td class=\"column-3\">2.Thessalonicher 2,16-17<\/td><td class=\"column-4\">Ewiger Trost, gute Hoffnung<\/td><td class=\"column-5\"><a href=\"http:\/\/baptisten-stralsund.de\/filesfrei\/PredigtenMP3\/2023\/2023-11-19-PredigtJEisenberg2Thess2,16-17.mp3\"><img data-recalc-dims=\"1\" loading=\"lazy\" decoding=\"async\" src=\"https:\/\/i0.wp.com\/www.baptisten-stralsund.de\/EFGwordpress\/wp-content\/uploads\/2016\/05\/play-button-klein.jpg?resize=35%2C35\" alt=\"play-button klein\" width=\"35\" height=\"35\" class=\"alignnone size-full wp-image-61\" \/><\/a><\/td>\n<\/tr>\n<tr class=\"row-9\">\n\t<td class=\"column-1\">12.11.2023<\/td><td class=\"column-2\">Marit Scheitor<\/td><td class=\"column-3\">1. Mose 4,1-16<\/td><td class=\"column-4\">Tu Gutes, Kain!<\/td><td class=\"column-5\"><a href=\"http:\/\/baptisten-stralsund.de\/filesfrei\/PredigtenMP3\/2023\/2023-11-12-PredigtMScheitor1Mo4,1-16.mp3\"><img data-recalc-dims=\"1\" loading=\"lazy\" decoding=\"async\" src=\"https:\/\/i0.wp.com\/www.baptisten-stralsund.de\/EFGwordpress\/wp-content\/uploads\/2016\/05\/play-button-klein.jpg?resize=35%2C35\" alt=\"play-button klein\" width=\"35\" height=\"35\" class=\"alignnone size-full wp-image-61\" \/><\/a><\/td>\n<\/tr>\n<tr class=\"row-10\">\n\t<td class=\"column-1\">29.10.2023<\/td><td class=\"column-2\">Daniel M\u00fcller<\/td><td class=\"column-3\">Lukas 12,13-21<\/td><td class=\"column-4\">Der reiche Kornbauer<\/td><td class=\"column-5\"><a href=\"http:\/\/baptisten-stralsund.de\/filesfrei\/PredigtenMP3\/2023\/2023-10-29-PredigtDMuellerLk12,13-21.mp3\"><img data-recalc-dims=\"1\" loading=\"lazy\" decoding=\"async\" src=\"https:\/\/i0.wp.com\/www.baptisten-stralsund.de\/EFGwordpress\/wp-content\/uploads\/2016\/05\/play-button-klein.jpg?resize=35%2C35\" alt=\"play-button klein\" width=\"35\" height=\"35\" class=\"alignnone size-full wp-image-61\" \/><\/a><\/td>\n<\/tr>\n<tr class=\"row-11\">\n\t<td class=\"column-1\">22.10.2023<\/td><td class=\"column-2\">Helmfried Martschewski<\/td><td class=\"column-3\">Markus 10,2-9+13-16<\/td><td class=\"column-4\">Hartherzigkeit<\/td><td class=\"column-5\"><a href=\"http:\/\/baptisten-stralsund.de\/filesfrei\/PredigtenMP3\/2023\/2023-10-22-PredigtHMartschewskiMk10,2-9+13-16.mp3\"><img data-recalc-dims=\"1\" loading=\"lazy\" decoding=\"async\" src=\"https:\/\/i0.wp.com\/www.baptisten-stralsund.de\/EFGwordpress\/wp-content\/uploads\/2016\/05\/play-button-klein.jpg?resize=35%2C35\" alt=\"play-button klein\" width=\"35\" height=\"35\" class=\"alignnone size-full wp-image-61\" \/><\/a><\/td>\n<\/tr>\n<tr class=\"row-12\">\n\t<td class=\"column-1\">15.10.2023<\/td><td class=\"column-2\">Jens-Uwe Hensel<\/td><td class=\"column-3\">Johannes 15,9-17<\/td><td class=\"column-4\">In der Liebe bleiben<\/td><td class=\"column-5\"><a href=\"http:\/\/baptisten-stralsund.de\/filesfrei\/PredigtenMP3\/2023\/2023-10-15-PredigtJUHenselJoh15,9-17.mp3\"><img data-recalc-dims=\"1\" loading=\"lazy\" decoding=\"async\" src=\"https:\/\/i0.wp.com\/www.baptisten-stralsund.de\/EFGwordpress\/wp-content\/uploads\/2016\/05\/play-button-klein.jpg?resize=35%2C35\" alt=\"play-button klein\" width=\"35\" height=\"35\" class=\"alignnone size-full wp-image-61\" \/><\/a><\/td>\n<\/tr>\n<tr class=\"row-13\">\n\t<td class=\"column-1\">08.10.2023<\/td><td class=\"column-2\">Daniel M\u00fcller<\/td><td class=\"column-3\">2. Mose 20,1-17<\/td><td class=\"column-4\">10 Gebote<\/td><td class=\"column-5\"><a href=\"http:\/\/baptisten-stralsund.de\/filesfrei\/PredigtenMP3\/2023\/2023-10-08-PredigtDMueller2Mo20,1-17.mp3\"><img data-recalc-dims=\"1\" loading=\"lazy\" decoding=\"async\" src=\"https:\/\/i0.wp.com\/www.baptisten-stralsund.de\/EFGwordpress\/wp-content\/uploads\/2016\/05\/play-button-klein.jpg?resize=35%2C35\" alt=\"play-button klein\" width=\"35\" height=\"35\" class=\"alignnone size-full wp-image-61\" \/><\/a><\/td>\n<\/tr>\n<tr class=\"row-14\">\n\t<td class=\"column-1\">17.09.2023<\/td><td class=\"column-2\">Jens-Uwe Hensel<\/td><td class=\"column-3\">Johannes 15,9-17<\/td><td class=\"column-4\">Wer in der Erw\u00e4hlung bleibt, bringt Frucht<\/td><td class=\"column-5\"><a href=\"http:\/\/baptisten-stralsund.de\/filesfrei\/PredigtenMP3\/2023\/2023-09-17-PredigtJUHenselJoh15,9-17.mp3\"><img data-recalc-dims=\"1\" loading=\"lazy\" decoding=\"async\" src=\"https:\/\/i0.wp.com\/www.baptisten-stralsund.de\/EFGwordpress\/wp-content\/uploads\/2016\/05\/play-button-klein.jpg?resize=35%2C35\" alt=\"play-button klein\" width=\"35\" height=\"35\" class=\"alignnone size-full wp-image-61\" \/><\/a><\/td>\n<\/tr>\n<tr class=\"row-15\">\n\t<td class=\"column-1\">10.09.2023<\/td><td class=\"column-2\">Daniel M\u00fcller<\/td><td class=\"column-3\">Lukas 17,11-14<\/td><td class=\"column-4\">Dankbarkeit<\/td><td class=\"column-5\"><a href=\"http:\/\/baptisten-stralsund.de\/filesfrei\/PredigtenMP3\/2023\/2023-09-10-PredigtDMuellerLk17,11-14.mp3\"><img data-recalc-dims=\"1\" loading=\"lazy\" decoding=\"async\" src=\"https:\/\/i0.wp.com\/www.baptisten-stralsund.de\/EFGwordpress\/wp-content\/uploads\/2016\/05\/play-button-klein.jpg?resize=35%2C35\" alt=\"play-button klein\" width=\"35\" height=\"35\" class=\"alignnone size-full wp-image-61\" \/><\/a><\/td>\n<\/tr>\n<tr class=\"row-16\">\n\t<td class=\"column-1\">03.09.2023<\/td><td class=\"column-2\">Helmfried Martschewski<\/td><td class=\"column-3\">1. Johannes 4,7-12<\/td><td class=\"column-4\">Gott ist Liebe<\/td><td class=\"column-5\"><a href=\"http:\/\/baptisten-stralsund.de\/filesfrei\/PredigtenMP3\/2023\/2023-09-03-PredigtHMartschewski1Joh4,7-12.mp3\"><img data-recalc-dims=\"1\" loading=\"lazy\" decoding=\"async\" src=\"https:\/\/i0.wp.com\/www.baptisten-stralsund.de\/EFGwordpress\/wp-content\/uploads\/2016\/05\/play-button-klein.jpg?resize=35%2C35\" alt=\"play-button klein\" width=\"35\" height=\"35\" class=\"alignnone size-full wp-image-61\" \/><\/a><\/td>\n<\/tr>\n<tr class=\"row-17\">\n\t<td class=\"column-1\">27.08.2023<\/td><td class=\"column-2\">Daniel M\u00fcller<\/td><td class=\"column-3\">Psalm 18,30<\/td><td class=\"column-4\">\u00dcber Mauern<\/td><td class=\"column-5\"><a href=\"http:\/\/baptisten-stralsund.de\/filesfrei\/PredigtenMP3\/2023\/2023-08-27-PredigtDMuellerPs18,30.mp3\"><img data-recalc-dims=\"1\" loading=\"lazy\" decoding=\"async\" src=\"https:\/\/i0.wp.com\/www.baptisten-stralsund.de\/EFGwordpress\/wp-content\/uploads\/2016\/05\/play-button-klein.jpg?resize=35%2C35\" alt=\"play-button klein\" width=\"35\" height=\"35\" class=\"alignnone size-full wp-image-61\" \/><\/a><\/td>\n<\/tr>\n<tr class=\"row-18\">\n\t<td class=\"column-1\">20.08.2023<\/td><td class=\"column-2\">Helmfried Martschewski<\/td><td class=\"column-3\">Lukas 7,36-50<\/td><td class=\"column-4\">Verurteilen oder Vergeben<\/td><td class=\"column-5\"><a href=\"http:\/\/baptisten-stralsund.de\/filesfrei\/PredigtenMP3\/2023\/2023-08-20-PredigtHMartschewskiLk7,36-50.mp3\"><img data-recalc-dims=\"1\" loading=\"lazy\" decoding=\"async\" src=\"https:\/\/i0.wp.com\/www.baptisten-stralsund.de\/EFGwordpress\/wp-content\/uploads\/2016\/05\/play-button-klein.jpg?resize=35%2C35\" alt=\"play-button klein\" width=\"35\" height=\"35\" class=\"alignnone size-full wp-image-61\" \/><\/a><\/td>\n<\/tr>\n<tr class=\"row-19\">\n\t<td class=\"column-1\">23.07.2023<\/td><td class=\"column-2\">Daniel M\u00fcller<\/td><td class=\"column-3\">Apostelgeschichte 2,41-47<\/td><td class=\"column-4\">Gemeinsam teilen<\/td><td class=\"column-5\"><a href=\"http:\/\/baptisten-stralsund.de\/filesfrei\/PredigtenMP3\/2023\/2023-07-23-PredigtDMuellerApg2,41-47.mp3\"><img data-recalc-dims=\"1\" loading=\"lazy\" decoding=\"async\" src=\"https:\/\/i0.wp.com\/www.baptisten-stralsund.de\/EFGwordpress\/wp-content\/uploads\/2016\/05\/play-button-klein.jpg?resize=35%2C35\" alt=\"play-button klein\" width=\"35\" height=\"35\" class=\"alignnone size-full wp-image-61\" \/><\/a><\/td>\n<\/tr>\n<tr class=\"row-20\">\n\t<td class=\"column-1\">16.07.2023<\/td><td class=\"column-2\">Daniel M\u00fcller<\/td><td class=\"column-3\">Johannes 1,35-51<\/td><td class=\"column-4\">Komm mit mir!<\/td><td class=\"column-5\"><a href=\"http:\/\/baptisten-stralsund.de\/filesfrei\/PredigtenMP3\/2023\/2023-07-16-PredigtDMuellerJoh1,35-51.mp3\"><img data-recalc-dims=\"1\" loading=\"lazy\" decoding=\"async\" src=\"https:\/\/i0.wp.com\/www.baptisten-stralsund.de\/EFGwordpress\/wp-content\/uploads\/2016\/05\/play-button-klein.jpg?resize=35%2C35\" alt=\"play-button klein\" width=\"35\" height=\"35\" class=\"alignnone size-full wp-image-61\" \/><\/a><\/td>\n<\/tr>\n<tr class=\"row-21\">\n\t<td class=\"column-1\">09.07.2023<\/td><td class=\"column-2\">Helmfried Martschewski<\/td><td class=\"column-3\">Johannes 1,35-42<\/td><td class=\"column-4\">Jesus begegnen<\/td><td class=\"column-5\"><a href=\"http:\/\/baptisten-stralsund.de\/filesfrei\/PredigtenMP3\/2023\/2023-07-09-PredigtHMartschewskiJoh1,35-42.mp3\"><img data-recalc-dims=\"1\" loading=\"lazy\" decoding=\"async\" src=\"https:\/\/i0.wp.com\/www.baptisten-stralsund.de\/EFGwordpress\/wp-content\/uploads\/2016\/05\/play-button-klein.jpg?resize=35%2C35\" alt=\"play-button klein\" width=\"35\" height=\"35\" class=\"alignnone size-full wp-image-61\" \/><\/a><\/td>\n<\/tr>\n<tr class=\"row-22\">\n\t<td class=\"column-1\">11.06.2023<\/td><td class=\"column-2\">Tobias K\u00f6pke<\/td><td class=\"column-3\">Apostelgeschichte 3,1-10<\/td><td class=\"column-4\">Raus aus der Komfortzone<\/td><td class=\"column-5\"><a href=\"http:\/\/baptisten-stralsund.de\/filesfrei\/PredigtenMP3\/2023\/2023-06-11-PredigtTKoepkeApg3,1-10.mp3\"><img data-recalc-dims=\"1\" loading=\"lazy\" decoding=\"async\" src=\"https:\/\/i0.wp.com\/www.baptisten-stralsund.de\/EFGwordpress\/wp-content\/uploads\/2016\/05\/play-button-klein.jpg?resize=35%2C35\" alt=\"play-button klein\" width=\"35\" height=\"35\" class=\"alignnone size-full wp-image-61\" \/><\/a><\/td>\n<\/tr>\n<tr class=\"row-23\">\n\t<td class=\"column-1\">04.06.2023<\/td><td class=\"column-2\">Daniel M\u00fcller<\/td><td class=\"column-3\"><\/td><td class=\"column-4\">Ich seh auf dich<\/td><td class=\"column-5\"><a href=\"http:\/\/baptisten-stralsund.de\/filesfrei\/PredigtenMP3\/2023\/2023-06-04-PredigtDMueller.mp3\"><img data-recalc-dims=\"1\" loading=\"lazy\" decoding=\"async\" src=\"https:\/\/i0.wp.com\/www.baptisten-stralsund.de\/EFGwordpress\/wp-content\/uploads\/2016\/05\/play-button-klein.jpg?resize=35%2C35\" alt=\"play-button klein\" width=\"35\" height=\"35\" class=\"alignnone size-full wp-image-61\" \/><\/a><\/td>\n<\/tr>\n<tr class=\"row-24\">\n\t<td class=\"column-1\">14.05.2023<\/td><td class=\"column-2\">Helmfried Martschewski<\/td><td class=\"column-3\">1. Timotheus 2,1-6a<\/td><td class=\"column-4\">Das Gebet der Gemeinde<\/td><td class=\"column-5\"><a href=\"http:\/\/baptisten-stralsund.de\/filesfrei\/PredigtenMP3\/2023\/2023-05-14-PredigtHMartschewski1Tim2,1-6a.mp3\"><img data-recalc-dims=\"1\" loading=\"lazy\" decoding=\"async\" src=\"https:\/\/i0.wp.com\/www.baptisten-stralsund.de\/EFGwordpress\/wp-content\/uploads\/2016\/05\/play-button-klein.jpg?resize=35%2C35\" alt=\"play-button klein\" width=\"35\" height=\"35\" class=\"alignnone size-full wp-image-61\" \/><\/a><\/td>\n<\/tr>\n<tr class=\"row-25\">\n\t<td class=\"column-1\">07.05.2023<\/td><td class=\"column-2\">Daniel M\u00fcller<\/td><td class=\"column-3\">1. Samuel 16,14-23<\/td><td class=\"column-4\">Musik ist Leben<\/td><td class=\"column-5\"><a href=\"http:\/\/baptisten-stralsund.de\/filesfrei\/PredigtenMP3\/2023\/2023-05-07-PredigtDMueller1Sam16,14-23.mp3\"><img data-recalc-dims=\"1\" loading=\"lazy\" decoding=\"async\" src=\"https:\/\/i0.wp.com\/www.baptisten-stralsund.de\/EFGwordpress\/wp-content\/uploads\/2016\/05\/play-button-klein.jpg?resize=35%2C35\" alt=\"play-button klein\" width=\"35\" height=\"35\" class=\"alignnone size-full wp-image-61\" \/><\/a><\/td>\n<\/tr>\n<tr class=\"row-26\">\n\t<td class=\"column-1\">30.04.2023<\/td><td class=\"column-2\">Ruth &amp; Helmut Adamy<\/td><td class=\"column-3\">Lukas 24,13-35<\/td><td class=\"column-4\">Entt\u00e4uschung und die zweite Alternative<\/td><td class=\"column-5\"><a href=\"http:\/\/baptisten-stralsund.de\/filesfrei\/PredigtenMP3\/2023\/2023-04-30-PredigtR+HAdamyLk24,13-35.mp3\"><img data-recalc-dims=\"1\" loading=\"lazy\" decoding=\"async\" src=\"https:\/\/i0.wp.com\/www.baptisten-stralsund.de\/EFGwordpress\/wp-content\/uploads\/2016\/05\/play-button-klein.jpg?resize=35%2C35\" alt=\"play-button klein\" width=\"35\" height=\"35\" class=\"alignnone size-full wp-image-61\" \/><\/a><\/td>\n<\/tr>\n<tr class=\"row-27\">\n\t<td class=\"column-1\">23.04.2023<\/td><td class=\"column-2\">Daniel M\u00fcller<\/td><td class=\"column-3\">1. Petrus 5,1-4<\/td><td class=\"column-4\">Vitale Gemeinde<\/td><td class=\"column-5\"><a href=\"http:\/\/baptisten-stralsund.de\/filesfrei\/PredigtenMP3\/2023\/2023-04-23-PredigtDMueller1Petr5,1-4.mp3\"><img data-recalc-dims=\"1\" loading=\"lazy\" decoding=\"async\" src=\"https:\/\/i0.wp.com\/www.baptisten-stralsund.de\/EFGwordpress\/wp-content\/uploads\/2016\/05\/play-button-klein.jpg?resize=35%2C35\" alt=\"play-button klein\" width=\"35\" height=\"35\" class=\"alignnone size-full wp-image-61\" \/><\/a><\/td>\n<\/tr>\n<tr class=\"row-28\">\n\t<td class=\"column-1\">16.04.2023<\/td><td class=\"column-2\">Jens-Uwe Hensel<\/td><td class=\"column-3\">Johannes 15,1-8<\/td><td class=\"column-4\">Wer im Leben bleibt, bringt Frucht<\/td><td class=\"column-5\"><a href=\"http:\/\/baptisten-stralsund.de\/filesfrei\/PredigtenMP3\/2023\/2023-04-16-PredigtJUHenselJoh15,1-8.mp3\"><img data-recalc-dims=\"1\" loading=\"lazy\" decoding=\"async\" src=\"https:\/\/i0.wp.com\/www.baptisten-stralsund.de\/EFGwordpress\/wp-content\/uploads\/2016\/05\/play-button-klein.jpg?resize=35%2C35\" alt=\"play-button klein\" width=\"35\" height=\"35\" class=\"alignnone size-full wp-image-61\" \/><\/a><\/td>\n<\/tr>\n<tr class=\"row-29\">\n\t<td class=\"column-1\">09.04.2023<\/td><td class=\"column-2\">Helmfried Martschewski<\/td><td class=\"column-3\">Markus 16,1-8<\/td><td class=\"column-4\">Ostern setzt sich langsam durch<\/td><td class=\"column-5\"><a href=\"http:\/\/baptisten-stralsund.de\/filesfrei\/PredigtenMP3\/2023\/2023-04-09-PredigtHMartschewskiMk16,1-8.mp3\"><img data-recalc-dims=\"1\" loading=\"lazy\" decoding=\"async\" src=\"https:\/\/i0.wp.com\/www.baptisten-stralsund.de\/EFGwordpress\/wp-content\/uploads\/2016\/05\/play-button-klein.jpg?resize=35%2C35\" alt=\"play-button klein\" width=\"35\" height=\"35\" class=\"alignnone size-full wp-image-61\" \/><\/a><\/td>\n<\/tr>\n<tr class=\"row-30\">\n\t<td class=\"column-1\">02.04.2023<\/td><td class=\"column-2\">Daniel M\u00fcller<\/td><td class=\"column-3\">Johannes 12,12-19<\/td><td class=\"column-4\">Seine Macht ist anders<\/td><td class=\"column-5\"><a href=\"http:\/\/baptisten-stralsund.de\/filesfrei\/PredigtenMP3\/2023\/2023-04-02-PredigtDMuellerJoh12,12-19.mp3\"><img data-recalc-dims=\"1\" loading=\"lazy\" decoding=\"async\" src=\"https:\/\/i0.wp.com\/www.baptisten-stralsund.de\/EFGwordpress\/wp-content\/uploads\/2016\/05\/play-button-klein.jpg?resize=35%2C35\" alt=\"play-button klein\" width=\"35\" height=\"35\" class=\"alignnone size-full wp-image-61\" \/><\/a><\/td>\n<\/tr>\n<tr class=\"row-31\">\n\t<td class=\"column-1\">26.03.2023<\/td><td class=\"column-2\">Helmfried Martschewski<\/td><td class=\"column-3\">1. Mose 22,1-17<\/td><td class=\"column-4\">Wer wei\u00df, wozu es gut ist...<\/td><td class=\"column-5\"><a href=\"http:\/\/baptisten-stralsund.de\/filesfrei\/PredigtenMP3\/2023\/2023-03-26-PredigtHMartschewski1Mo22,1-17.mp3\"><img data-recalc-dims=\"1\" loading=\"lazy\" decoding=\"async\" src=\"https:\/\/i0.wp.com\/www.baptisten-stralsund.de\/EFGwordpress\/wp-content\/uploads\/2016\/05\/play-button-klein.jpg?resize=35%2C35\" alt=\"play-button klein\" width=\"35\" height=\"35\" class=\"alignnone size-full wp-image-61\" \/><\/a><\/td>\n<\/tr>\n<tr class=\"row-32\">\n\t<td class=\"column-1\">12.03.2023<\/td><td class=\"column-2\">Jens-Uwe Hensel<\/td><td class=\"column-3\">Johannes 15,1-8<\/td><td class=\"column-4\">Bringt Frucht<\/td><td class=\"column-5\"><a href=\"http:\/\/baptisten-stralsund.de\/filesfrei\/PredigtenMP3\/2023\/2023-03-12-PredigtJUHenselJoh15,1-8.mp3\"><img data-recalc-dims=\"1\" loading=\"lazy\" decoding=\"async\" src=\"https:\/\/i0.wp.com\/www.baptisten-stralsund.de\/EFGwordpress\/wp-content\/uploads\/2016\/05\/play-button-klein.jpg?resize=35%2C35\" alt=\"play-button klein\" width=\"35\" height=\"35\" class=\"alignnone size-full wp-image-61\" \/><\/a><\/td>\n<\/tr>\n<tr class=\"row-33\">\n\t<td class=\"column-1\">05.03.2023<\/td><td class=\"column-2\">Daniel M\u00fcller<\/td><td class=\"column-3\"><\/td><td class=\"column-4\">Gerechte Menschen<\/td><td class=\"column-5\"><a href=\"http:\/\/baptisten-stralsund.de\/filesfrei\/PredigtenMP3\/2023\/2023-03-05-PredigtDMueller.mp3\"><img data-recalc-dims=\"1\" loading=\"lazy\" decoding=\"async\" src=\"https:\/\/i0.wp.com\/www.baptisten-stralsund.de\/EFGwordpress\/wp-content\/uploads\/2016\/05\/play-button-klein.jpg?resize=35%2C35\" alt=\"play-button klein\" width=\"35\" height=\"35\" class=\"alignnone size-full wp-image-61\" \/><\/a><\/td>\n<\/tr>\n<tr class=\"row-34\">\n\t<td class=\"column-1\">26.02.2023<\/td><td class=\"column-2\">Helmfried Martschewski<\/td><td class=\"column-3\">1. Mose 12,1-8<\/td><td class=\"column-4\">Gesegnet, um zu segnen<\/td><td class=\"column-5\"><a href=\"http:\/\/baptisten-stralsund.de\/filesfrei\/PredigtenMP3\/2023\/2023-02-26-PredigtHMartschewski1Mo12,1-8.mp3\"><img data-recalc-dims=\"1\" loading=\"lazy\" decoding=\"async\" src=\"https:\/\/i0.wp.com\/www.baptisten-stralsund.de\/EFGwordpress\/wp-content\/uploads\/2016\/05\/play-button-klein.jpg?resize=35%2C35\" alt=\"play-button klein\" width=\"35\" height=\"35\" class=\"alignnone size-full wp-image-61\" \/><\/a><\/td>\n<\/tr>\n<tr class=\"row-35\">\n\t<td class=\"column-1\">19.02.2023<\/td><td class=\"column-2\">Daniel M\u00fcller<\/td><td class=\"column-3\">Matth\u00e4us 17,1-9<\/td><td class=\"column-4\">Wie Christus uns erscheint<\/td><td class=\"column-5\"><a href=\"http:\/\/baptisten-stralsund.de\/filesfrei\/PredigtenMP3\/2023\/2023-02-19-PredigtDMuellerMt17,1-9.mp3\"><img data-recalc-dims=\"1\" loading=\"lazy\" decoding=\"async\" src=\"https:\/\/i0.wp.com\/www.baptisten-stralsund.de\/EFGwordpress\/wp-content\/uploads\/2016\/05\/play-button-klein.jpg?resize=35%2C35\" alt=\"play-button klein\" width=\"35\" height=\"35\" class=\"alignnone size-full wp-image-61\" \/><\/a><\/td>\n<\/tr>\n<tr class=\"row-36\">\n\t<td class=\"column-1\">12.02.2023<\/td><td class=\"column-2\">Andreas Schultz<\/td><td class=\"column-3\">Jesaja 55,6-12a<\/td><td class=\"column-4\">Gottes wunderbarer Weg<\/td><td class=\"column-5\"><a href=\"http:\/\/baptisten-stralsund.de\/filesfrei\/PredigtenMP3\/2023\/2023-02-12-PredigtASchultzJes55,6-12.mp3\"><img data-recalc-dims=\"1\" loading=\"lazy\" decoding=\"async\" src=\"https:\/\/i0.wp.com\/www.baptisten-stralsund.de\/EFGwordpress\/wp-content\/uploads\/2016\/05\/play-button-klein.jpg?resize=35%2C35\" alt=\"play-button klein\" width=\"35\" height=\"35\" class=\"alignnone size-full wp-image-61\" \/><\/a><\/td>\n<\/tr>\n<tr class=\"row-37\">\n\t<td class=\"column-1\">05.02.2023<\/td><td class=\"column-2\">Daniel M\u00fcller<\/td><td class=\"column-3\">Jona<\/td><td class=\"column-4\">Jona, der seltsame Prophet<\/td><td class=\"column-5\"><a href=\"http:\/\/baptisten-stralsund.de\/filesfrei\/PredigtenMP3\/2023\/2023-02-05-PredigtDMuellerJona.mp3\"><img data-recalc-dims=\"1\" loading=\"lazy\" decoding=\"async\" src=\"https:\/\/i0.wp.com\/www.baptisten-stralsund.de\/EFGwordpress\/wp-content\/uploads\/2016\/05\/play-button-klein.jpg?resize=35%2C35\" alt=\"play-button klein\" width=\"35\" height=\"35\" class=\"alignnone size-full wp-image-61\" \/><\/a><\/td>\n<\/tr>\n<tr class=\"row-38\">\n\t<td class=\"column-1\">29.01.2023<\/td><td class=\"column-2\">Helmfried Martschewski<\/td><td class=\"column-3\">Matth\u00e4us 17,1-9<\/td><td class=\"column-4\">3 J\u00fcnger sehen Jesus in Herrlichkeit<\/td><td class=\"column-5\"><a href=\"http:\/\/baptisten-stralsund.de\/filesfrei\/PredigtenMP3\/2023\/2023-01-29-PredigtHMartschewskiMt17,1-9.mp3\"><img data-recalc-dims=\"1\" loading=\"lazy\" decoding=\"async\" src=\"https:\/\/i0.wp.com\/www.baptisten-stralsund.de\/EFGwordpress\/wp-content\/uploads\/2016\/05\/play-button-klein.jpg?resize=35%2C35\" alt=\"play-button klein\" width=\"35\" height=\"35\" class=\"alignnone size-full wp-image-61\" \/><\/a><\/td>\n<\/tr>\n<tr class=\"row-39\">\n\t<td class=\"column-1\">22.01.2023<\/td><td class=\"column-2\">Daniel M\u00fcller<\/td><td class=\"column-3\">R\u00f6mer 1,13-17<\/td><td class=\"column-4\">Gottes Gerechtigkeit ist anders<\/td><td class=\"column-5\"><a href=\"http:\/\/baptisten-stralsund.de\/filesfrei\/PredigtenMP3\/2023\/2023-01-22-PredigtDMuellerRom1,13-17.mp3\"><img data-recalc-dims=\"1\" loading=\"lazy\" decoding=\"async\" src=\"https:\/\/i0.wp.com\/www.baptisten-stralsund.de\/EFGwordpress\/wp-content\/uploads\/2016\/05\/play-button-klein.jpg?resize=35%2C35\" alt=\"play-button klein\" width=\"35\" height=\"35\" class=\"alignnone size-full wp-image-61\" \/><\/a><\/td>\n<\/tr>\n<tr class=\"row-40\">\n\t<td class=\"column-1\">08.01.2023<\/td><td class=\"column-2\">Daniel M\u00fcller<\/td><td class=\"column-3\">1. Mose 16,13<\/td><td class=\"column-4\">Jahreslosung 2.0<\/td><td class=\"column-5\"><a href=\"http:\/\/baptisten-stralsund.de\/filesfrei\/PredigtenMP3\/2023\/2023-01-08-PredigtDMueller1Mo16,13.mp3\"><img data-recalc-dims=\"1\" loading=\"lazy\" decoding=\"async\" src=\"https:\/\/i0.wp.com\/www.baptisten-stralsund.de\/EFGwordpress\/wp-content\/uploads\/2016\/05\/play-button-klein.jpg?resize=35%2C35\" alt=\"play-button klein\" width=\"35\" height=\"35\" class=\"alignnone size-full wp-image-61\" \/><\/a><\/td>\n<\/tr>\n<tr class=\"row-41\">\n\t<td class=\"column-1\">01.01.2023<\/td><td class=\"column-2\">Antje-Eva Kamrath<\/td><td class=\"column-3\">1. Mose 16,13<\/td><td class=\"column-4\">Andacht zur Jahreslosung<\/td><td class=\"column-5\"><a href=\"http:\/\/baptisten-stralsund.de\/filesfrei\/PredigtenMP3\/2023\/2023-01-01-AndachtAEK1Mo16,13.mp3\"><img data-recalc-dims=\"1\" loading=\"lazy\" decoding=\"async\" src=\"https:\/\/i0.wp.com\/www.baptisten-stralsund.de\/EFGwordpress\/wp-content\/uploads\/2016\/05\/play-button-klein.jpg?resize=35%2C35\" alt=\"play-button klein\" width=\"35\" height=\"35\" class=\"alignnone size-full wp-image-61\" \/><\/a><\/td>\n<\/tr>\n<\/tbody>\n<\/table>\n<!-- #tablepress-13 from cache -->\n","protected":false},"excerpt":{"rendered":"<p>Hier finden Sie einige Predigten zum Nachh\u00f6ren. Die Rechte verbleiben selbstverst\u00e4ndlich beim Prediger. Die Tondokumente sind nur zum pers\u00f6nlichen Gebrauch bestimmt. Alles weitere m\u00fcsste mit dem Prediger abgesprochen werden.<\/p>\n","protected":false},"author":1,"featured_media":0,"parent":5,"menu_order":0,"comment_status":"closed","ping_status":"closed","template":"","meta":{"jetpack_post_was_ever_published":true,"footnotes":""},"class_list":["post-1082","page","type-page","status-publish","hentry"],"yoast_head":"<!-- This site is optimized with the Yoast SEO plugin v26.6 - https:\/\/yoast.com\/wordpress\/plugins\/seo\/ -->\n<title>Predigten 2023 - EFG Stralsund und Grimmen<\/title>\n<meta name=\"robots\" content=\"index, follow, max-snippet:-1, max-image-preview:large, max-video-preview:-1\" \/>\n<link rel=\"canonical\" href=\"https:\/\/www.baptisten-stralsund.de\/EFGwordpress\/gottesdienst\/predigten-2023\/\" \/>\n<meta property=\"og:locale\" content=\"de_DE\" \/>\n<meta property=\"og:type\" content=\"article\" \/>\n<meta property=\"og:title\" content=\"Predigten 2023 - EFG Stralsund und Grimmen\" \/>\n<meta property=\"og:description\" content=\"Hier finden Sie einige Predigten zum Nachh\u00f6ren. Die Rechte verbleiben selbstverst\u00e4ndlich beim Prediger. Die Tondokumente sind nur zum pers\u00f6nlichen Gebrauch bestimmt. Alles weitere m\u00fcsste mit dem Prediger abgesprochen werden.\" \/>\n<meta property=\"og:url\" content=\"https:\/\/www.baptisten-stralsund.de\/EFGwordpress\/gottesdienst\/predigten-2023\/\" \/>\n<meta property=\"og:site_name\" content=\"EFG Stralsund und Grimmen\" \/>\n<meta property=\"article:modified_time\" content=\"2023-12-31T11:01:03+00:00\" \/>\n<meta name=\"twitter:card\" content=\"summary_large_image\" \/>\n<meta name=\"twitter:label1\" content=\"Gesch\u00e4tzte Lesezeit\" \/>\n\t<meta name=\"twitter:data1\" content=\"1\u00a0Minute\" \/>\n<script type=\"application\/ld+json\" class=\"yoast-schema-graph\">{\"@context\":\"https:\/\/schema.org\",\"@graph\":[{\"@type\":\"WebPage\",\"@id\":\"https:\/\/www.baptisten-stralsund.de\/EFGwordpress\/gottesdienst\/predigten-2023\/\",\"url\":\"https:\/\/www.baptisten-stralsund.de\/EFGwordpress\/gottesdienst\/predigten-2023\/\",\"name\":\"Predigten 2023 - EFG Stralsund und Grimmen\",\"isPartOf\":{\"@id\":\"https:\/\/www.baptisten-stralsund.de\/EFGwordpress\/#website\"},\"datePublished\":\"2022-12-31T14:10:54+00:00\",\"dateModified\":\"2023-12-31T11:01:03+00:00\",\"breadcrumb\":{\"@id\":\"https:\/\/www.baptisten-stralsund.de\/EFGwordpress\/gottesdienst\/predigten-2023\/#breadcrumb\"},\"inLanguage\":\"de\",\"potentialAction\":[{\"@type\":\"ReadAction\",\"target\":[\"https:\/\/www.baptisten-stralsund.de\/EFGwordpress\/gottesdienst\/predigten-2023\/\"]}]},{\"@type\":\"BreadcrumbList\",\"@id\":\"https:\/\/www.baptisten-stralsund.de\/EFGwordpress\/gottesdienst\/predigten-2023\/#breadcrumb\",\"itemListElement\":[{\"@type\":\"ListItem\",\"position\":1,\"name\":\"Startseite\",\"item\":\"https:\/\/www.baptisten-stralsund.de\/EFGwordpress\/\"},{\"@type\":\"ListItem\",\"position\":2,\"name\":\"Gottesdienst\",\"item\":\"https:\/\/www.baptisten-stralsund.de\/EFGwordpress\/gottesdienst\/\"},{\"@type\":\"ListItem\",\"position\":3,\"name\":\"Predigten 2023\"}]},{\"@type\":\"WebSite\",\"@id\":\"https:\/\/www.baptisten-stralsund.de\/EFGwordpress\/#website\",\"url\":\"https:\/\/www.baptisten-stralsund.de\/EFGwordpress\/\",\"name\":\"EFG Stralsund und Grimmen\",\"description\":\"Evangelisch-Freikirchliche Gemeinde Stralsund und Grimmen\",\"potentialAction\":[{\"@type\":\"SearchAction\",\"target\":{\"@type\":\"EntryPoint\",\"urlTemplate\":\"https:\/\/www.baptisten-stralsund.de\/EFGwordpress\/?s={search_term_string}\"},\"query-input\":{\"@type\":\"PropertyValueSpecification\",\"valueRequired\":true,\"valueName\":\"search_term_string\"}}],\"inLanguage\":\"de\"}]}<\/script>\n<!-- \/ Yoast SEO plugin. -->","yoast_head_json":{"title":"Predigten 2023 - EFG Stralsund und Grimmen","robots":{"index":"index","follow":"follow","max-snippet":"max-snippet:-1","max-image-preview":"max-image-preview:large","max-video-preview":"max-video-preview:-1"},"canonical":"https:\/\/www.baptisten-stralsund.de\/EFGwordpress\/gottesdienst\/predigten-2023\/","og_locale":"de_DE","og_type":"article","og_title":"Predigten 2023 - EFG Stralsund und Grimmen","og_description":"Hier finden Sie einige Predigten zum Nachh\u00f6ren. Die Rechte verbleiben selbstverst\u00e4ndlich beim Prediger. Die Tondokumente sind nur zum pers\u00f6nlichen Gebrauch bestimmt. Alles weitere m\u00fcsste mit dem Prediger abgesprochen werden.","og_url":"https:\/\/www.baptisten-stralsund.de\/EFGwordpress\/gottesdienst\/predigten-2023\/","og_site_name":"EFG Stralsund und Grimmen","article_modified_time":"2023-12-31T11:01:03+00:00","twitter_card":"summary_large_image","twitter_misc":{"Gesch\u00e4tzte Lesezeit":"1\u00a0Minute"},"schema":{"@context":"https:\/\/schema.org","@graph":[{"@type":"WebPage","@id":"https:\/\/www.baptisten-stralsund.de\/EFGwordpress\/gottesdienst\/predigten-2023\/","url":"https:\/\/www.baptisten-stralsund.de\/EFGwordpress\/gottesdienst\/predigten-2023\/","name":"Predigten 2023 - EFG Stralsund und Grimmen","isPartOf":{"@id":"https:\/\/www.baptisten-stralsund.de\/EFGwordpress\/#website"},"datePublished":"2022-12-31T14:10:54+00:00","dateModified":"2023-12-31T11:01:03+00:00","breadcrumb":{"@id":"https:\/\/www.baptisten-stralsund.de\/EFGwordpress\/gottesdienst\/predigten-2023\/#breadcrumb"},"inLanguage":"de","potentialAction":[{"@type":"ReadAction","target":["https:\/\/www.baptisten-stralsund.de\/EFGwordpress\/gottesdienst\/predigten-2023\/"]}]},{"@type":"BreadcrumbList","@id":"https:\/\/www.baptisten-stralsund.de\/EFGwordpress\/gottesdienst\/predigten-2023\/#breadcrumb","itemListElement":[{"@type":"ListItem","position":1,"name":"Startseite","item":"https:\/\/www.baptisten-stralsund.de\/EFGwordpress\/"},{"@type":"ListItem","position":2,"name":"Gottesdienst","item":"https:\/\/www.baptisten-stralsund.de\/EFGwordpress\/gottesdienst\/"},{"@type":"ListItem","position":3,"name":"Predigten 2023"}]},{"@type":"WebSite","@id":"https:\/\/www.baptisten-stralsund.de\/EFGwordpress\/#website","url":"https:\/\/www.baptisten-stralsund.de\/EFGwordpress\/","name":"EFG Stralsund und Grimmen","description":"Evangelisch-Freikirchliche Gemeinde Stralsund und Grimmen","potentialAction":[{"@type":"SearchAction","target":{"@type":"EntryPoint","urlTemplate":"https:\/\/www.baptisten-stralsund.de\/EFGwordpress\/?s={search_term_string}"},"query-input":{"@type":"PropertyValueSpecification","valueRequired":true,"valueName":"search_term_string"}}],"inLanguage":"de"}]}},"jetpack_sharing_enabled":true,"jetpack_shortlink":"https:\/\/wp.me\/P7w95l-hs","jetpack-related-posts":[{"id":1147,"url":"https:\/\/www.baptisten-stralsund.de\/EFGwordpress\/gottesdienst\/predigten-2024\/","url_meta":{"origin":1082,"position":0},"title":"Predigten 2024","author":"EFGHSTGMN","date":"31. Dezember 2023","format":false,"excerpt":"Hier finden Sie einige Predigten zum Nachh\u00f6ren. Die Rechte verbleiben selbstverst\u00e4ndlich beim Prediger. Die Tondokumente sind nur zum pers\u00f6nlichen Gebrauch bestimmt. Alles weitere m\u00fcsste mit dem Prediger abgesprochen werden.","rel":"","context":"\u00c4hnlicher Beitrag","block_context":{"text":"\u00c4hnlicher Beitrag","link":""},"img":{"alt_text":"","src":"","width":0,"height":0},"classes":[]},{"id":1207,"url":"https:\/\/www.baptisten-stralsund.de\/EFGwordpress\/gottesdienst\/predigten-2025\/","url_meta":{"origin":1082,"position":1},"title":"Predigten 2025","author":"EFGHSTGMN","date":"13. Januar 2025","format":false,"excerpt":"Hier finden Sie einige Predigten zum Nachh\u00f6ren. Die Rechte verbleiben selbstverst\u00e4ndlich beim Prediger. Die Tondokumente sind nur zum pers\u00f6nlichen Gebrauch bestimmt. Alles weitere m\u00fcsste mit dem Prediger abgesprochen werden.","rel":"","context":"\u00c4hnlicher Beitrag","block_context":{"text":"\u00c4hnlicher Beitrag","link":""},"img":{"alt_text":"","src":"","width":0,"height":0},"classes":[]},{"id":1266,"url":"https:\/\/www.baptisten-stralsund.de\/EFGwordpress\/gottesdienst\/predigten-aktuell\/","url_meta":{"origin":1082,"position":2},"title":"Predigten aktuell","author":"EFGHSTGMN","date":"19. Januar 2026","format":false,"excerpt":"Hier finden Sie die aktuellen Predigten zum Nachh\u00f6ren. Die Rechte verbleiben selbstverst\u00e4ndlich beim Prediger. Die Tondokumente sind nur zum pers\u00f6nlichen Gebrauch bestimmt. Alles weitere m\u00fcsste mit dem Prediger abgesprochen werden.","rel":"","context":"\u00c4hnlicher Beitrag","block_context":{"text":"\u00c4hnlicher Beitrag","link":""},"img":{"alt_text":"","src":"","width":0,"height":0},"classes":[]},{"id":7,"url":"https:\/\/www.baptisten-stralsund.de\/EFGwordpress\/gottesdienst\/predigten-2019\/","url_meta":{"origin":1082,"position":3},"title":"Predigten 2019","author":"EFGHSTGMN","date":"31. August 2015","format":false,"excerpt":"Hier finden Sie einige Predigten zum Nachh\u00f6ren. Die Rechte verbleiben selbstverst\u00e4ndlich beim Prediger. Die Tondokumente sind nur zum pers\u00f6nlichen Gebrauch bestimmt. Alles weitere m\u00fcsste mit dem Prediger abgesprochen werden.","rel":"","context":"\u00c4hnlicher Beitrag","block_context":{"text":"\u00c4hnlicher Beitrag","link":""},"img":{"alt_text":"","src":"","width":0,"height":0},"classes":[]},{"id":10,"url":"https:\/\/www.baptisten-stralsund.de\/EFGwordpress\/gottesdienst\/predigten-2020\/","url_meta":{"origin":1082,"position":4},"title":"Predigten 2020","author":"EFGHSTGMN","date":"31. August 2015","format":false,"excerpt":"Hier finden Sie einige Predigten zum Nachh\u00f6ren. Die Rechte verbleiben selbstverst\u00e4ndlich beim Prediger. Die Tondokumente sind nur zum pers\u00f6nlichen Gebrauch bestimmt. Alles weitere m\u00fcsste mit dem Prediger abgesprochen werden.","rel":"","context":"\u00c4hnlicher Beitrag","block_context":{"text":"\u00c4hnlicher Beitrag","link":""},"img":{"alt_text":"","src":"","width":0,"height":0},"classes":[]},{"id":28,"url":"https:\/\/www.baptisten-stralsund.de\/EFGwordpress\/gottesdienst\/predigten-2017\/","url_meta":{"origin":1082,"position":5},"title":"Predigten 2017","author":"EFGHSTGMN","date":"7. Mai 2016","format":false,"excerpt":"Hier finden Sie einige Predigten zum Nachh\u00f6ren. Die Rechte verbleiben selbstverst\u00e4ndlich beim Prediger. Die Tondokumente sind nur zum pers\u00f6nlichen Gebrauch bestimmt. Alles weitere m\u00fcsste mit dem Prediger abgesprochen werden.","rel":"","context":"\u00c4hnlicher Beitrag","block_context":{"text":"\u00c4hnlicher Beitrag","link":""},"img":{"alt_text":"","src":"","width":0,"height":0},"classes":[]}],"_links":{"self":[{"href":"https:\/\/www.baptisten-stralsund.de\/EFGwordpress\/wp-json\/wp\/v2\/pages\/1082","targetHints":{"allow":["GET"]}}],"collection":[{"href":"https:\/\/www.baptisten-stralsund.de\/EFGwordpress\/wp-json\/wp\/v2\/pages"}],"about":[{"href":"https:\/\/www.baptisten-stralsund.de\/EFGwordpress\/wp-json\/wp\/v2\/types\/page"}],"author":[{"embeddable":true,"href":"https:\/\/www.baptisten-stralsund.de\/EFGwordpress\/wp-json\/wp\/v2\/users\/1"}],"replies":[{"embeddable":true,"href":"https:\/\/www.baptisten-stralsund.de\/EFGwordpress\/wp-json\/wp\/v2\/comments?post=1082"}],"version-history":[{"count":6,"href":"https:\/\/www.baptisten-stralsund.de\/EFGwordpress\/wp-json\/wp\/v2\/pages\/1082\/revisions"}],"predecessor-version":[{"id":1151,"href":"https:\/\/www.baptisten-stralsund.de\/EFGwordpress\/wp-json\/wp\/v2\/pages\/1082\/revisions\/1151"}],"up":[{"embeddable":true,"href":"https:\/\/www.baptisten-stralsund.de\/EFGwordpress\/wp-json\/wp\/v2\/pages\/5"}],"wp:attachment":[{"href":"https:\/\/www.baptisten-stralsund.de\/EFGwordpress\/wp-json\/wp\/v2\/media?parent=1082"}],"curies":[{"name":"wp","href":"https:\/\/api.w.org\/{rel}","templated":true}]}}