{"id":1207,"date":"2025-01-13T21:46:16","date_gmt":"2025-01-13T20:46:16","guid":{"rendered":"https:\/\/www.baptisten-stralsund.de\/EFGwordpress\/?page_id=1207"},"modified":"2026-01-19T21:08:18","modified_gmt":"2026-01-19T20:08:18","slug":"predigten-2025","status":"publish","type":"page","link":"https:\/\/www.baptisten-stralsund.de\/EFGwordpress\/gottesdienst\/predigten-2025\/","title":{"rendered":"Predigten 2025"},"content":{"rendered":"\n<p>Hier finden Sie einige Predigten zum Nachh\u00f6ren. Die Rechte verbleiben selbstverst\u00e4ndlich beim Prediger. Die Tondokumente sind nur zum pers\u00f6nlichen Gebrauch bestimmt. Alles weitere m\u00fcsste mit dem Prediger abgesprochen werden.<\/p>\n\n\n\n<table id=\"tablepress-15\" class=\"tablepress tablepress-id-15\">\n<thead>\n<tr class=\"row-1\">\n\t<th class=\"column-1\">Datum<\/th><th class=\"column-2\">PredigerIn<\/th><th class=\"column-3\">Bibeltext <\/th><th class=\"column-4\">Thema<\/th><th class=\"column-5\">Download<\/th>\n<\/tr>\n<\/thead>\n<tbody class=\"row-striping row-hover\">\n<tr class=\"row-2\">\n\t<td class=\"column-1\">21.12.2025<\/td><td class=\"column-2\">Ruth &amp; Helmut Adamy<\/td><td class=\"column-3\">Lukas 2,25-31<\/td><td class=\"column-4\">Der Kern der Adventsbotschaft<\/td><td class=\"column-5\"><a href=\"http:\/\/baptisten-stralsund.de\/filesfrei\/PredigtenMP3\/2025\/2025-12-21-PredigtR+HAdamyLk2,25-31.mp3\"><img data-recalc-dims=\"1\" loading=\"lazy\" decoding=\"async\" src=\"https:\/\/i0.wp.com\/www.baptisten-stralsund.de\/EFGwordpress\/wp-content\/uploads\/2016\/05\/play-button-klein.jpg?resize=35%2C35\" alt=\"play-button klein\" width=\"35\" height=\"35\" class=\"alignnone size-full wp-image-61\" \/><\/a><\/td>\n<\/tr>\n<tr class=\"row-3\">\n\t<td class=\"column-1\">14.12.2025<\/td><td class=\"column-2\">Daniel M\u00fcller<\/td><td class=\"column-3\">Lukas 3,3-18<\/td><td class=\"column-4\">Die Froh-Botschaft des Advents<\/td><td class=\"column-5\"><a href=\"http:\/\/baptisten-stralsund.de\/filesfrei\/PredigtenMP3\/2025\/2025-12-14-PredigtDMuellerLk3,3-18.mp3\"><img data-recalc-dims=\"1\" loading=\"lazy\" decoding=\"async\" src=\"https:\/\/i0.wp.com\/www.baptisten-stralsund.de\/EFGwordpress\/wp-content\/uploads\/2016\/05\/play-button-klein.jpg?resize=35%2C35\" alt=\"play-button klein\" width=\"35\" height=\"35\" class=\"alignnone size-full wp-image-61\" \/><\/a><\/td>\n<\/tr>\n<tr class=\"row-4\">\n\t<td class=\"column-1\">30.11.2025<\/td><td class=\"column-2\">Daniel M\u00fcller<\/td><td class=\"column-3\">R\u00f6mer 13,8-12<\/td><td class=\"column-4\">Ein Pl\u00e4doyer f\u00fcr die Liebe<\/td><td class=\"column-5\"><a href=\"http:\/\/baptisten-stralsund.de\/filesfrei\/PredigtenMP3\/2025\/2025-11-30-PredigtDMuellerRom13,8-12.mp3\"><img data-recalc-dims=\"1\" loading=\"lazy\" decoding=\"async\" src=\"https:\/\/i0.wp.com\/www.baptisten-stralsund.de\/EFGwordpress\/wp-content\/uploads\/2016\/05\/play-button-klein.jpg?resize=35%2C35\" alt=\"play-button klein\" width=\"35\" height=\"35\" class=\"alignnone size-full wp-image-61\" \/><\/a><\/td>\n<\/tr>\n<tr class=\"row-5\">\n\t<td class=\"column-1\">23.11.2025<\/td><td class=\"column-2\">Helmfried Martschewski<\/td><td class=\"column-3\">Offenbarung 21,1-7<\/td><td class=\"column-4\">Die Welt mit Gottes Augen sehen<\/td><td class=\"column-5\"><a href=\"http:\/\/baptisten-stralsund.de\/filesfrei\/PredigtenMP3\/2025\/2025-11-23-PredigtHMartschewskiOff21,1-7.mp3\"><img data-recalc-dims=\"1\" loading=\"lazy\" decoding=\"async\" src=\"https:\/\/i0.wp.com\/www.baptisten-stralsund.de\/EFGwordpress\/wp-content\/uploads\/2016\/05\/play-button-klein.jpg?resize=35%2C35\" alt=\"play-button klein\" width=\"35\" height=\"35\" class=\"alignnone size-full wp-image-61\" \/><\/a><\/td>\n<\/tr>\n<tr class=\"row-6\">\n\t<td class=\"column-1\">16.11.2025<\/td><td class=\"column-2\">Daniel M\u00fcller<\/td><td class=\"column-3\">Lukas 6,27-38<\/td><td class=\"column-4\">Erneuerung liegt in deiner Verantwortung<\/td><td class=\"column-5\"><a href=\"http:\/\/baptisten-stralsund.de\/filesfrei\/PredigtenMP3\/2025\/2025-11-16-PredigtDMuellerLk6,27-38.mp3\"><img data-recalc-dims=\"1\" loading=\"lazy\" decoding=\"async\" src=\"https:\/\/i0.wp.com\/www.baptisten-stralsund.de\/EFGwordpress\/wp-content\/uploads\/2016\/05\/play-button-klein.jpg?resize=35%2C35\" alt=\"play-button klein\" width=\"35\" height=\"35\" class=\"alignnone size-full wp-image-61\" \/><\/a><\/td>\n<\/tr>\n<tr class=\"row-7\">\n\t<td class=\"column-1\">09.11.2025<\/td><td class=\"column-2\">Marlen Lichti<\/td><td class=\"column-3\">2. Mose 20,8-11<\/td><td class=\"column-4\">Sabbat<\/td><td class=\"column-5\"><a href=\"http:\/\/baptisten-stralsund.de\/filesfrei\/PredigtenMP3\/2025\/2025-11-09-PredigtMLichti2Mo20,8-11.mp3\"><img data-recalc-dims=\"1\" loading=\"lazy\" decoding=\"async\" src=\"https:\/\/i0.wp.com\/www.baptisten-stralsund.de\/EFGwordpress\/wp-content\/uploads\/2016\/05\/play-button-klein.jpg?resize=35%2C35\" alt=\"play-button klein\" width=\"35\" height=\"35\" class=\"alignnone size-full wp-image-61\" \/><\/a><\/td>\n<\/tr>\n<tr class=\"row-8\">\n\t<td class=\"column-1\">02.11.2025<\/td><td class=\"column-2\">Daniel M\u00fcller<\/td><td class=\"column-3\">Johannes 9,35-41<\/td><td class=\"column-4\">Glaubenss\u00e4tze auf dem Pr\u00fcfstand<\/td><td class=\"column-5\"><a href=\"http:\/\/baptisten-stralsund.de\/filesfrei\/PredigtenMP3\/2025\/2025-11-02-PredigtDMuellerJoh9,35-41.mp3\"><img data-recalc-dims=\"1\" loading=\"lazy\" decoding=\"async\" src=\"https:\/\/i0.wp.com\/www.baptisten-stralsund.de\/EFGwordpress\/wp-content\/uploads\/2016\/05\/play-button-klein.jpg?resize=35%2C35\" alt=\"play-button klein\" width=\"35\" height=\"35\" class=\"alignnone size-full wp-image-61\" \/><\/a><\/td>\n<\/tr>\n<tr class=\"row-9\">\n\t<td class=\"column-1\">19.10.2025<\/td><td class=\"column-2\">David Lichti<\/td><td class=\"column-3\">Matth\u00e4us 13,44-46<\/td><td class=\"column-4\">Kostbare Sch\u00e4tze<\/td><td class=\"column-5\"><a href=\"http:\/\/baptisten-stralsund.de\/filesfrei\/PredigtenMP3\/2025\/2025-10-19-PredigtDLichtiMt13,44-46.mp3\"><img data-recalc-dims=\"1\" loading=\"lazy\" decoding=\"async\" src=\"https:\/\/i0.wp.com\/www.baptisten-stralsund.de\/EFGwordpress\/wp-content\/uploads\/2016\/05\/play-button-klein.jpg?resize=35%2C35\" alt=\"play-button klein\" width=\"35\" height=\"35\" class=\"alignnone size-full wp-image-61\" \/><\/a><\/td>\n<\/tr>\n<tr class=\"row-10\">\n\t<td class=\"column-1\">12.10.2025<\/td><td class=\"column-2\">Daniel M\u00fcller<\/td><td class=\"column-3\"><\/td><td class=\"column-4\">Erntedank<\/td><td class=\"column-5\"><a href=\"http:\/\/baptisten-stralsund.de\/filesfrei\/PredigtenMP3\/2025\/2025-10-12-PredigtDMueller.mp3\"><img data-recalc-dims=\"1\" loading=\"lazy\" decoding=\"async\" src=\"https:\/\/i0.wp.com\/www.baptisten-stralsund.de\/EFGwordpress\/wp-content\/uploads\/2016\/05\/play-button-klein.jpg?resize=35%2C35\" alt=\"play-button klein\" width=\"35\" height=\"35\" class=\"alignnone size-full wp-image-61\" \/><\/a><\/td>\n<\/tr>\n<tr class=\"row-11\">\n\t<td class=\"column-1\">14.09.2025<\/td><td class=\"column-2\">Ruth &amp; Helmut Adamy<\/td><td class=\"column-3\">Markus 3,31-35<\/td><td class=\"column-4\">Patchwork<\/td><td class=\"column-5\"><a href=\"http:\/\/baptisten-stralsund.de\/filesfrei\/PredigtenMP3\/2025\/2025-09-14-PredigtR+HAdamyMk3,31-35.mp3\"><img data-recalc-dims=\"1\" loading=\"lazy\" decoding=\"async\" src=\"https:\/\/i0.wp.com\/www.baptisten-stralsund.de\/EFGwordpress\/wp-content\/uploads\/2016\/05\/play-button-klein.jpg?resize=35%2C35\" alt=\"play-button klein\" width=\"35\" height=\"35\" class=\"alignnone size-full wp-image-61\" \/><\/a><\/td>\n<\/tr>\n<tr class=\"row-12\">\n\t<td class=\"column-1\">07.09.2025<\/td><td class=\"column-2\">Daniel &amp; J. M\u00fcller<\/td><td class=\"column-3\"><\/td><td class=\"column-4\">Unsere Anf\u00e4nge<\/td><td class=\"column-5\"><a href=\"http:\/\/baptisten-stralsund.de\/filesfrei\/PredigtenMP3\/2025\/2025-09-07-PredigtDMueller.mp3\"><img data-recalc-dims=\"1\" loading=\"lazy\" decoding=\"async\" src=\"https:\/\/i0.wp.com\/www.baptisten-stralsund.de\/EFGwordpress\/wp-content\/uploads\/2016\/05\/play-button-klein.jpg?resize=35%2C35\" alt=\"play-button klein\" width=\"35\" height=\"35\" class=\"alignnone size-full wp-image-61\" \/><\/a><\/td>\n<\/tr>\n<tr class=\"row-13\">\n\t<td class=\"column-1\">31.08.2025<\/td><td class=\"column-2\">Maria Weiss<\/td><td class=\"column-3\"><\/td><td class=\"column-4\">Stolz<\/td><td class=\"column-5\"><a href=\"http:\/\/baptisten-stralsund.de\/filesfrei\/PredigtenMP3\/2025\/2025-08-31-PredigtMWeiss.mp3\"><img data-recalc-dims=\"1\" loading=\"lazy\" decoding=\"async\" src=\"https:\/\/i0.wp.com\/www.baptisten-stralsund.de\/EFGwordpress\/wp-content\/uploads\/2016\/05\/play-button-klein.jpg?resize=35%2C35\" alt=\"play-button klein\" width=\"35\" height=\"35\" class=\"alignnone size-full wp-image-61\" \/><\/a><\/td>\n<\/tr>\n<tr class=\"row-14\">\n\t<td class=\"column-1\">20.07.2025<\/td><td class=\"column-2\">Hannelore Becker<\/td><td class=\"column-3\">Matth\u00e4us 6,25-34<\/td><td class=\"column-4\">Sorgt euch nicht<\/td><td class=\"column-5\"><a href=\"http:\/\/baptisten-stralsund.de\/filesfrei\/PredigtenMP3\/2025\/2025-07-20-PredigtHBeckerMt6,25-34.mp3\"><img data-recalc-dims=\"1\" loading=\"lazy\" decoding=\"async\" src=\"https:\/\/i0.wp.com\/www.baptisten-stralsund.de\/EFGwordpress\/wp-content\/uploads\/2016\/05\/play-button-klein.jpg?resize=35%2C35\" alt=\"play-button klein\" width=\"35\" height=\"35\" class=\"alignnone size-full wp-image-61\" \/><\/a><\/td>\n<\/tr>\n<tr class=\"row-15\">\n\t<td class=\"column-1\">13.07.2025<\/td><td class=\"column-2\">Marlen Lichti<\/td><td class=\"column-3\">1. Korinther 15,35-45<\/td><td class=\"column-4\">Was sagt die Bibel \u00fcber die Seele?<\/td><td class=\"column-5\"><a href=\"http:\/\/baptisten-stralsund.de\/filesfrei\/PredigtenMP3\/2025\/2025-07-13-PredigtMLichti1Kor15,35-45.mp3\"><img data-recalc-dims=\"1\" loading=\"lazy\" decoding=\"async\" src=\"https:\/\/i0.wp.com\/www.baptisten-stralsund.de\/EFGwordpress\/wp-content\/uploads\/2016\/05\/play-button-klein.jpg?resize=35%2C35\" alt=\"play-button klein\" width=\"35\" height=\"35\" class=\"alignnone size-full wp-image-61\" \/><\/a><\/td>\n<\/tr>\n<tr class=\"row-16\">\n\t<td class=\"column-1\">22.06.2025<\/td><td class=\"column-2\">Daniel M\u00fcller<br \/>\nMatteo Freudenberg<\/td><td class=\"column-3\">Lukas 16,19-31<\/td><td class=\"column-4\">Der arme Lazarus<\/td><td class=\"column-5\"><a href=\"http:\/\/baptisten-stralsund.de\/filesfrei\/PredigtenMP3\/2025\/2025-06-22-PredigtDMuellerLk16,19-31.mp3\"><img data-recalc-dims=\"1\" loading=\"lazy\" decoding=\"async\" src=\"https:\/\/i0.wp.com\/www.baptisten-stralsund.de\/EFGwordpress\/wp-content\/uploads\/2016\/05\/play-button-klein.jpg?resize=35%2C35\" alt=\"play-button klein\" width=\"35\" height=\"35\" class=\"alignnone size-full wp-image-61\" \/><\/a><\/td>\n<\/tr>\n<tr class=\"row-17\">\n\t<td class=\"column-1\">15.06.2025<\/td><td class=\"column-2\">Ruth &amp; Helmut Adamy<\/td><td class=\"column-3\">Matth\u00e4us 28,18-20<\/td><td class=\"column-4\">Lasst euch einspannen<\/td><td class=\"column-5\"><a href=\"http:\/\/baptisten-stralsund.de\/filesfrei\/PredigtenMP3\/2025\/2025-06-15-PredigtR+HAdamyMt28,18-20.mp3\"><img data-recalc-dims=\"1\" loading=\"lazy\" decoding=\"async\" src=\"https:\/\/i0.wp.com\/www.baptisten-stralsund.de\/EFGwordpress\/wp-content\/uploads\/2016\/05\/play-button-klein.jpg?resize=35%2C35\" alt=\"play-button klein\" width=\"35\" height=\"35\" class=\"alignnone size-full wp-image-61\" \/><\/a><\/td>\n<\/tr>\n<tr class=\"row-18\">\n\t<td class=\"column-1\">08.06.2025<\/td><td class=\"column-2\">Daniel M\u00fcller<\/td><td class=\"column-3\">Johannes 14,15-27<\/td><td class=\"column-4\">Gottes Umarmung<\/td><td class=\"column-5\"><a href=\"http:\/\/baptisten-stralsund.de\/filesfrei\/PredigtenMP3\/2025\/2025-06-08-PredigtDMuellerJoh14,15-27.mp3\"><img data-recalc-dims=\"1\" loading=\"lazy\" decoding=\"async\" src=\"https:\/\/i0.wp.com\/www.baptisten-stralsund.de\/EFGwordpress\/wp-content\/uploads\/2016\/05\/play-button-klein.jpg?resize=35%2C35\" alt=\"play-button klein\" width=\"35\" height=\"35\" class=\"alignnone size-full wp-image-61\" \/><\/a><\/td>\n<\/tr>\n<tr class=\"row-19\">\n\t<td class=\"column-1\">25.05.2025<\/td><td class=\"column-2\">Birte Hallenberger<\/td><td class=\"column-3\"><\/td><td class=\"column-4\">So Close<\/td><td class=\"column-5\"><a href=\"http:\/\/baptisten-stralsund.de\/filesfrei\/PredigtenMP3\/2025\/2025-05-25-PredigtBHallenberger.mp3\"><img data-recalc-dims=\"1\" loading=\"lazy\" decoding=\"async\" src=\"https:\/\/i0.wp.com\/www.baptisten-stralsund.de\/EFGwordpress\/wp-content\/uploads\/2016\/05\/play-button-klein.jpg?resize=35%2C35\" alt=\"play-button klein\" width=\"35\" height=\"35\" class=\"alignnone size-full wp-image-61\" \/><\/a><\/td>\n<\/tr>\n<tr class=\"row-20\">\n\t<td class=\"column-1\">18.05.2025<\/td><td class=\"column-2\">David Lichti<\/td><td class=\"column-3\">Johannes 21,1-14<\/td><td class=\"column-4\">Ein Fr\u00fchst\u00fcck am See<\/td><td class=\"column-5\"><a href=\"http:\/\/baptisten-stralsund.de\/filesfrei\/PredigtenMP3\/2025\/2025-05-18-PredigtDLichtiJoh21,1-14.mp3\"><img data-recalc-dims=\"1\" loading=\"lazy\" decoding=\"async\" src=\"https:\/\/i0.wp.com\/www.baptisten-stralsund.de\/EFGwordpress\/wp-content\/uploads\/2016\/05\/play-button-klein.jpg?resize=35%2C35\" alt=\"play-button klein\" width=\"35\" height=\"35\" class=\"alignnone size-full wp-image-61\" \/><\/a><\/td>\n<\/tr>\n<tr class=\"row-21\">\n\t<td class=\"column-1\">11.05.2025<\/td><td class=\"column-2\">Michael Kleschewski<\/td><td class=\"column-3\">Spr\u00fcche 8<\/td><td class=\"column-4\">Weisheit<\/td><td class=\"column-5\"><a href=\"http:\/\/baptisten-stralsund.de\/filesfrei\/PredigtenMP3\/2025\/2025-05-11-PredigtMKleschewskiSpr8.mp3\"><img data-recalc-dims=\"1\" loading=\"lazy\" decoding=\"async\" src=\"https:\/\/i0.wp.com\/www.baptisten-stralsund.de\/EFGwordpress\/wp-content\/uploads\/2016\/05\/play-button-klein.jpg?resize=35%2C35\" alt=\"play-button klein\" width=\"35\" height=\"35\" class=\"alignnone size-full wp-image-61\" \/><\/a><\/td>\n<\/tr>\n<tr class=\"row-22\">\n\t<td class=\"column-1\">04.05.2025<\/td><td class=\"column-2\">Regina Claas<\/td><td class=\"column-3\">Lukas 23,26<\/td><td class=\"column-4\">Durchkreuztes Leben<\/td><td class=\"column-5\"><a href=\"http:\/\/baptisten-stralsund.de\/filesfrei\/PredigtenMP3\/2025\/2025-05-04-PredigtRClaasLk23,26.mp3\"><img data-recalc-dims=\"1\" loading=\"lazy\" decoding=\"async\" src=\"https:\/\/i0.wp.com\/www.baptisten-stralsund.de\/EFGwordpress\/wp-content\/uploads\/2016\/05\/play-button-klein.jpg?resize=35%2C35\" alt=\"play-button klein\" width=\"35\" height=\"35\" class=\"alignnone size-full wp-image-61\" \/><\/a><\/td>\n<\/tr>\n<tr class=\"row-23\">\n\t<td class=\"column-1\">27.04.2025<\/td><td class=\"column-2\">Daniel M\u00fcller<\/td><td class=\"column-3\">1. Petrus 1,3-9<\/td><td class=\"column-4\">Die Freude \u00fcber Ostern<\/td><td class=\"column-5\"><a href=\"http:\/\/baptisten-stralsund.de\/filesfrei\/PredigtenMP3\/2025\/2025-04-27-PredigtDMueller1Petr1,3-9.mp3\"><img data-recalc-dims=\"1\" loading=\"lazy\" decoding=\"async\" src=\"https:\/\/i0.wp.com\/www.baptisten-stralsund.de\/EFGwordpress\/wp-content\/uploads\/2016\/05\/play-button-klein.jpg?resize=35%2C35\" alt=\"play-button klein\" width=\"35\" height=\"35\" class=\"alignnone size-full wp-image-61\" \/><\/a><\/td>\n<\/tr>\n<tr class=\"row-24\">\n\t<td class=\"column-1\">18.04.2025<\/td><td class=\"column-2\">Daniel M\u00fcller<\/td><td class=\"column-3\"><\/td><td class=\"column-4\">Das geschieht am Kreuz<\/td><td class=\"column-5\"><a href=\"http:\/\/baptisten-stralsund.de\/filesfrei\/PredigtenMP3\/2025\/2025-04-18-PredigtDMueller.mp3\"><img data-recalc-dims=\"1\" loading=\"lazy\" decoding=\"async\" src=\"https:\/\/i0.wp.com\/www.baptisten-stralsund.de\/EFGwordpress\/wp-content\/uploads\/2016\/05\/play-button-klein.jpg?resize=35%2C35\" alt=\"play-button klein\" width=\"35\" height=\"35\" class=\"alignnone size-full wp-image-61\" \/><\/a><\/td>\n<\/tr>\n<tr class=\"row-25\">\n\t<td class=\"column-1\">13.04.2025<\/td><td class=\"column-2\">Daniel M\u00fcller<\/td><td class=\"column-3\">Jesaja 50,4-9<\/td><td class=\"column-4\">Auf dem Weg ins Leid<\/td><td class=\"column-5\"><a href=\"http:\/\/baptisten-stralsund.de\/filesfrei\/PredigtenMP3\/2025\/2025-04-13-PredigtDMuellerJes50,4-9.mp3\"><img data-recalc-dims=\"1\" loading=\"lazy\" decoding=\"async\" src=\"https:\/\/i0.wp.com\/www.baptisten-stralsund.de\/EFGwordpress\/wp-content\/uploads\/2016\/05\/play-button-klein.jpg?resize=35%2C35\" alt=\"play-button klein\" width=\"35\" height=\"35\" class=\"alignnone size-full wp-image-61\" \/><\/a><\/td>\n<\/tr>\n<tr class=\"row-26\">\n\t<td class=\"column-1\">06.04.2025<\/td><td class=\"column-2\">Daniel M\u00fcller<\/td><td class=\"column-3\">Johannes 18,28-19,5<\/td><td class=\"column-4\">Was ist Wahrheit<\/td><td class=\"column-5\"><a href=\"http:\/\/baptisten-stralsund.de\/filesfrei\/PredigtenMP3\/2025\/2025-04-06-PredigtDMuellerJoh18,28-19,5.mp3\"><img data-recalc-dims=\"1\" loading=\"lazy\" decoding=\"async\" src=\"https:\/\/i0.wp.com\/www.baptisten-stralsund.de\/EFGwordpress\/wp-content\/uploads\/2016\/05\/play-button-klein.jpg?resize=35%2C35\" alt=\"play-button klein\" width=\"35\" height=\"35\" class=\"alignnone size-full wp-image-61\" \/><\/a><\/td>\n<\/tr>\n<tr class=\"row-27\">\n\t<td class=\"column-1\">30.03.2025<\/td><td class=\"column-2\">Daniel M\u00fcller<\/td><td class=\"column-3\">Johannes 6,47-51<\/td><td class=\"column-4\">Das Brot des Lebens<\/td><td class=\"column-5\"><a href=\"http:\/\/baptisten-stralsund.de\/filesfrei\/PredigtenMP3\/2025\/2025-03-30-PredigtDMuellerJoh6,47-51.mp3\"><img data-recalc-dims=\"1\" loading=\"lazy\" decoding=\"async\" src=\"https:\/\/i0.wp.com\/www.baptisten-stralsund.de\/EFGwordpress\/wp-content\/uploads\/2016\/05\/play-button-klein.jpg?resize=35%2C35\" alt=\"play-button klein\" width=\"35\" height=\"35\" class=\"alignnone size-full wp-image-61\" \/><\/a><\/td>\n<\/tr>\n<tr class=\"row-28\">\n\t<td class=\"column-1\">23.03.2025<\/td><td class=\"column-2\">David Lichti<\/td><td class=\"column-3\">Johannes 10,14-16<\/td><td class=\"column-4\">Der gute Hirte<\/td><td class=\"column-5\"><a href=\"http:\/\/baptisten-stralsund.de\/filesfrei\/PredigtenMP3\/2025\/2025-03-23-PredigtDLichtiJoh10,14-16.mp3\"><img data-recalc-dims=\"1\" loading=\"lazy\" decoding=\"async\" src=\"https:\/\/i0.wp.com\/www.baptisten-stralsund.de\/EFGwordpress\/wp-content\/uploads\/2016\/05\/play-button-klein.jpg?resize=35%2C35\" alt=\"play-button klein\" width=\"35\" height=\"35\" class=\"alignnone size-full wp-image-61\" \/><\/a><\/td>\n<\/tr>\n<tr class=\"row-29\">\n\t<td class=\"column-1\">16.03.2025<\/td><td class=\"column-2\">Daniel M\u00fcller<\/td><td class=\"column-3\">2. Korinther 9,6-11<\/td><td class=\"column-4\">Gebt von Herzen<\/td><td class=\"column-5\"><a href=\"http:\/\/baptisten-stralsund.de\/filesfrei\/PredigtenMP3\/2025\/2025-03-16-PredigtDMueller2Kor9,6-11.mp3\"><img data-recalc-dims=\"1\" loading=\"lazy\" decoding=\"async\" src=\"https:\/\/i0.wp.com\/www.baptisten-stralsund.de\/EFGwordpress\/wp-content\/uploads\/2016\/05\/play-button-klein.jpg?resize=35%2C35\" alt=\"play-button klein\" width=\"35\" height=\"35\" class=\"alignnone size-full wp-image-61\" \/><\/a><\/td>\n<\/tr>\n<tr class=\"row-30\">\n\t<td class=\"column-1\">09.03.2025<\/td><td class=\"column-2\">Peter Wolf<\/td><td class=\"column-3\">1. Mose 33,1-16<\/td><td class=\"column-4\">Begegnung nach 20 Jahren<\/td><td class=\"column-5\"><a href=\"http:\/\/baptisten-stralsund.de\/filesfrei\/PredigtenMP3\/2025\/2025-03-09-PredigtPWolf1Mo33,1-16.mp3\"><img data-recalc-dims=\"1\" loading=\"lazy\" decoding=\"async\" src=\"https:\/\/i0.wp.com\/www.baptisten-stralsund.de\/EFGwordpress\/wp-content\/uploads\/2016\/05\/play-button-klein.jpg?resize=35%2C35\" alt=\"play-button klein\" width=\"35\" height=\"35\" class=\"alignnone size-full wp-image-61\" \/><\/a><\/td>\n<\/tr>\n<tr class=\"row-31\">\n\t<td class=\"column-1\">02.03.2025<\/td><td class=\"column-2\">Daniel M\u00fcller<\/td><td class=\"column-3\">Lukas 10,38-42<\/td><td class=\"column-4\">Sorge zu Ruhe<\/td><td class=\"column-5\"><a href=\"http:\/\/baptisten-stralsund.de\/filesfrei\/PredigtenMP3\/2025\/2025-03-02-PredigtDMuellerLk10,38-42.mp3\"><img data-recalc-dims=\"1\" loading=\"lazy\" decoding=\"async\" src=\"https:\/\/i0.wp.com\/www.baptisten-stralsund.de\/EFGwordpress\/wp-content\/uploads\/2016\/05\/play-button-klein.jpg?resize=35%2C35\" alt=\"play-button klein\" width=\"35\" height=\"35\" class=\"alignnone size-full wp-image-61\" \/><\/a><\/td>\n<\/tr>\n<tr class=\"row-32\">\n\t<td class=\"column-1\">23.02.2025<\/td><td class=\"column-2\">Daniel M\u00fcller<\/td><td class=\"column-3\">Apostelgeschichte 16,9-15<\/td><td class=\"column-4\">Was passiert wenn Gott zu dir redet?<\/td><td class=\"column-5\"><a href=\"http:\/\/baptisten-stralsund.de\/filesfrei\/PredigtenMP3\/2025\/2025-02-23-PredigtDMuellerApg16,9-15.mp3\"><img data-recalc-dims=\"1\" loading=\"lazy\" decoding=\"async\" src=\"https:\/\/i0.wp.com\/www.baptisten-stralsund.de\/EFGwordpress\/wp-content\/uploads\/2016\/05\/play-button-klein.jpg?resize=35%2C35\" alt=\"play-button klein\" width=\"35\" height=\"35\" class=\"alignnone size-full wp-image-61\" \/><\/a><\/td>\n<\/tr>\n<tr class=\"row-33\">\n\t<td class=\"column-1\">16.02.2025<\/td><td class=\"column-2\">Michael Kleschewski<\/td><td class=\"column-3\">Matth\u00e4us 20,1-16<\/td><td class=\"column-4\">Uns wird gro\u00dfz\u00fcgig gegeben<\/td><td class=\"column-5\"><a href=\"http:\/\/baptisten-stralsund.de\/filesfrei\/PredigtenMP3\/2025\/2025-02-16-PredigtMKleschewskiMt20,1-16.mp3\"><img data-recalc-dims=\"1\" loading=\"lazy\" decoding=\"async\" src=\"https:\/\/i0.wp.com\/www.baptisten-stralsund.de\/EFGwordpress\/wp-content\/uploads\/2016\/05\/play-button-klein.jpg?resize=35%2C35\" alt=\"play-button klein\" width=\"35\" height=\"35\" class=\"alignnone size-full wp-image-61\" \/><\/a><\/td>\n<\/tr>\n<tr class=\"row-34\">\n\t<td class=\"column-1\">09.02.2025<\/td><td class=\"column-2\">Ruth &amp; Helmut Adamy<\/td><td class=\"column-3\">Markus 4,35-41<\/td><td class=\"column-4\">Vertrauen bewahrt vor St\u00fcrmen<\/td><td class=\"column-5\"><a href=\"http:\/\/baptisten-stralsund.de\/filesfrei\/PredigtenMP3\/2025\/2025-02-09-PredigtR+HAdamyMk4,35-41.mp3\"><img data-recalc-dims=\"1\" loading=\"lazy\" decoding=\"async\" src=\"https:\/\/i0.wp.com\/www.baptisten-stralsund.de\/EFGwordpress\/wp-content\/uploads\/2016\/05\/play-button-klein.jpg?resize=35%2C35\" alt=\"play-button klein\" width=\"35\" height=\"35\" class=\"alignnone size-full wp-image-61\" \/><\/a><\/td>\n<\/tr>\n<tr class=\"row-35\">\n\t<td class=\"column-1\">02.02.2025<\/td><td class=\"column-2\">Marlen Lichti<\/td><td class=\"column-3\"><\/td><td class=\"column-4\">SELAH - Ein Wort zur Stille<\/td><td class=\"column-5\"><a href=\"http:\/\/baptisten-stralsund.de\/filesfrei\/PredigtenMP3\/2025\/2025-02-02-PredigtMLichti.mp3\"><img data-recalc-dims=\"1\" loading=\"lazy\" decoding=\"async\" src=\"https:\/\/i0.wp.com\/www.baptisten-stralsund.de\/EFGwordpress\/wp-content\/uploads\/2016\/05\/play-button-klein.jpg?resize=35%2C35\" alt=\"play-button klein\" width=\"35\" height=\"35\" class=\"alignnone size-full wp-image-61\" \/><\/a><\/td>\n<\/tr>\n<tr class=\"row-36\">\n\t<td class=\"column-1\">26.01.2025<\/td><td class=\"column-2\">Daniel M\u00fcller<\/td><td class=\"column-3\">Psalm 103,8+108,2<\/td><td class=\"column-4\">Grund unserer Hoffnung<\/td><td class=\"column-5\"><a href=\"http:\/\/baptisten-stralsund.de\/filesfrei\/PredigtenMP3\/2025\/2025-01-26-PredigtDMueller.mp3\"><img data-recalc-dims=\"1\" loading=\"lazy\" decoding=\"async\" src=\"https:\/\/i0.wp.com\/www.baptisten-stralsund.de\/EFGwordpress\/wp-content\/uploads\/2016\/05\/play-button-klein.jpg?resize=35%2C35\" alt=\"play-button klein\" width=\"35\" height=\"35\" class=\"alignnone size-full wp-image-61\" \/><\/a><\/td>\n<\/tr>\n<tr class=\"row-37\">\n\t<td class=\"column-1\">12.01.2025<\/td><td class=\"column-2\">David Lichti<\/td><td class=\"column-3\">Lukas 2,39-49<\/td><td class=\"column-4\">Jesus suchen<\/td><td class=\"column-5\"><a href=\"http:\/\/baptisten-stralsund.de\/filesfrei\/PredigtenMP3\/2025\/2025-01-12-PredigtDLichtiLk2,39-49.mp3\"><img data-recalc-dims=\"1\" loading=\"lazy\" decoding=\"async\" src=\"https:\/\/i0.wp.com\/www.baptisten-stralsund.de\/EFGwordpress\/wp-content\/uploads\/2016\/05\/play-button-klein.jpg?resize=35%2C35\" alt=\"play-button klein\" width=\"35\" height=\"35\" class=\"alignnone size-full wp-image-61\" \/><\/a><\/td>\n<\/tr>\n<tr class=\"row-38\">\n\t<td class=\"column-1\">05.01.2025<\/td><td class=\"column-2\">Daniel M\u00fcller<\/td><td class=\"column-3\">1. Thessalonicher 5,21<\/td><td class=\"column-4\">Jahreslosung<\/td><td class=\"column-5\"><a href=\"http:\/\/baptisten-stralsund.de\/filesfrei\/PredigtenMP3\/2025\/2025-01-05-PredigtDMueller1Thes5,21.mp3\"><img data-recalc-dims=\"1\" loading=\"lazy\" decoding=\"async\" src=\"https:\/\/i0.wp.com\/www.baptisten-stralsund.de\/EFGwordpress\/wp-content\/uploads\/2016\/05\/play-button-klein.jpg?resize=35%2C35\" alt=\"play-button klein\" width=\"35\" height=\"35\" class=\"alignnone size-full wp-image-61\" \/><\/a><\/td>\n<\/tr>\n<\/tbody>\n<\/table>\n<!-- #tablepress-15 from cache -->\n\n\n\n<p><\/p>\n","protected":false},"excerpt":{"rendered":"<p>Hier finden Sie einige Predigten zum Nachh\u00f6ren. Die Rechte verbleiben selbstverst\u00e4ndlich beim Prediger. Die Tondokumente sind nur zum pers\u00f6nlichen Gebrauch bestimmt. Alles weitere m\u00fcsste mit dem Prediger abgesprochen werden.<\/p>\n","protected":false},"author":1,"featured_media":0,"parent":5,"menu_order":0,"comment_status":"closed","ping_status":"closed","template":"","meta":{"jetpack_post_was_ever_published":false,"footnotes":""},"class_list":["post-1207","page","type-page","status-publish","hentry"],"yoast_head":"<!-- This site is optimized with the Yoast SEO plugin v26.6 - https:\/\/yoast.com\/wordpress\/plugins\/seo\/ -->\n<title>Predigten 2025 - EFG Stralsund und Grimmen<\/title>\n<meta name=\"robots\" content=\"index, follow, max-snippet:-1, max-image-preview:large, max-video-preview:-1\" \/>\n<link rel=\"canonical\" href=\"https:\/\/www.baptisten-stralsund.de\/EFGwordpress\/gottesdienst\/predigten-2025\/\" \/>\n<meta property=\"og:locale\" content=\"de_DE\" \/>\n<meta property=\"og:type\" content=\"article\" \/>\n<meta property=\"og:title\" content=\"Predigten 2025 - EFG Stralsund und Grimmen\" \/>\n<meta property=\"og:description\" content=\"Hier finden Sie einige Predigten zum Nachh\u00f6ren. Die Rechte verbleiben selbstverst\u00e4ndlich beim Prediger. Die Tondokumente sind nur zum pers\u00f6nlichen Gebrauch bestimmt. Alles weitere m\u00fcsste mit dem Prediger abgesprochen werden.\" \/>\n<meta property=\"og:url\" content=\"https:\/\/www.baptisten-stralsund.de\/EFGwordpress\/gottesdienst\/predigten-2025\/\" \/>\n<meta property=\"og:site_name\" content=\"EFG Stralsund und Grimmen\" \/>\n<meta property=\"article:modified_time\" content=\"2026-01-19T20:08:18+00:00\" \/>\n<meta name=\"twitter:card\" content=\"summary_large_image\" \/>\n<meta name=\"twitter:label1\" content=\"Gesch\u00e4tzte Lesezeit\" \/>\n\t<meta name=\"twitter:data1\" content=\"1\u00a0Minute\" \/>\n<script type=\"application\/ld+json\" class=\"yoast-schema-graph\">{\"@context\":\"https:\/\/schema.org\",\"@graph\":[{\"@type\":\"WebPage\",\"@id\":\"https:\/\/www.baptisten-stralsund.de\/EFGwordpress\/gottesdienst\/predigten-2025\/\",\"url\":\"https:\/\/www.baptisten-stralsund.de\/EFGwordpress\/gottesdienst\/predigten-2025\/\",\"name\":\"Predigten 2025 - EFG Stralsund und Grimmen\",\"isPartOf\":{\"@id\":\"https:\/\/www.baptisten-stralsund.de\/EFGwordpress\/#website\"},\"datePublished\":\"2025-01-13T20:46:16+00:00\",\"dateModified\":\"2026-01-19T20:08:18+00:00\",\"breadcrumb\":{\"@id\":\"https:\/\/www.baptisten-stralsund.de\/EFGwordpress\/gottesdienst\/predigten-2025\/#breadcrumb\"},\"inLanguage\":\"de\",\"potentialAction\":[{\"@type\":\"ReadAction\",\"target\":[\"https:\/\/www.baptisten-stralsund.de\/EFGwordpress\/gottesdienst\/predigten-2025\/\"]}]},{\"@type\":\"BreadcrumbList\",\"@id\":\"https:\/\/www.baptisten-stralsund.de\/EFGwordpress\/gottesdienst\/predigten-2025\/#breadcrumb\",\"itemListElement\":[{\"@type\":\"ListItem\",\"position\":1,\"name\":\"Startseite\",\"item\":\"https:\/\/www.baptisten-stralsund.de\/EFGwordpress\/\"},{\"@type\":\"ListItem\",\"position\":2,\"name\":\"Gottesdienst\",\"item\":\"https:\/\/www.baptisten-stralsund.de\/EFGwordpress\/gottesdienst\/\"},{\"@type\":\"ListItem\",\"position\":3,\"name\":\"Predigten 2025\"}]},{\"@type\":\"WebSite\",\"@id\":\"https:\/\/www.baptisten-stralsund.de\/EFGwordpress\/#website\",\"url\":\"https:\/\/www.baptisten-stralsund.de\/EFGwordpress\/\",\"name\":\"EFG Stralsund und Grimmen\",\"description\":\"Evangelisch-Freikirchliche Gemeinde Stralsund und Grimmen\",\"potentialAction\":[{\"@type\":\"SearchAction\",\"target\":{\"@type\":\"EntryPoint\",\"urlTemplate\":\"https:\/\/www.baptisten-stralsund.de\/EFGwordpress\/?s={search_term_string}\"},\"query-input\":{\"@type\":\"PropertyValueSpecification\",\"valueRequired\":true,\"valueName\":\"search_term_string\"}}],\"inLanguage\":\"de\"}]}<\/script>\n<!-- \/ Yoast SEO plugin. -->","yoast_head_json":{"title":"Predigten 2025 - EFG Stralsund und Grimmen","robots":{"index":"index","follow":"follow","max-snippet":"max-snippet:-1","max-image-preview":"max-image-preview:large","max-video-preview":"max-video-preview:-1"},"canonical":"https:\/\/www.baptisten-stralsund.de\/EFGwordpress\/gottesdienst\/predigten-2025\/","og_locale":"de_DE","og_type":"article","og_title":"Predigten 2025 - EFG Stralsund und Grimmen","og_description":"Hier finden Sie einige Predigten zum Nachh\u00f6ren. Die Rechte verbleiben selbstverst\u00e4ndlich beim Prediger. Die Tondokumente sind nur zum pers\u00f6nlichen Gebrauch bestimmt. Alles weitere m\u00fcsste mit dem Prediger abgesprochen werden.","og_url":"https:\/\/www.baptisten-stralsund.de\/EFGwordpress\/gottesdienst\/predigten-2025\/","og_site_name":"EFG Stralsund und Grimmen","article_modified_time":"2026-01-19T20:08:18+00:00","twitter_card":"summary_large_image","twitter_misc":{"Gesch\u00e4tzte Lesezeit":"1\u00a0Minute"},"schema":{"@context":"https:\/\/schema.org","@graph":[{"@type":"WebPage","@id":"https:\/\/www.baptisten-stralsund.de\/EFGwordpress\/gottesdienst\/predigten-2025\/","url":"https:\/\/www.baptisten-stralsund.de\/EFGwordpress\/gottesdienst\/predigten-2025\/","name":"Predigten 2025 - EFG Stralsund und Grimmen","isPartOf":{"@id":"https:\/\/www.baptisten-stralsund.de\/EFGwordpress\/#website"},"datePublished":"2025-01-13T20:46:16+00:00","dateModified":"2026-01-19T20:08:18+00:00","breadcrumb":{"@id":"https:\/\/www.baptisten-stralsund.de\/EFGwordpress\/gottesdienst\/predigten-2025\/#breadcrumb"},"inLanguage":"de","potentialAction":[{"@type":"ReadAction","target":["https:\/\/www.baptisten-stralsund.de\/EFGwordpress\/gottesdienst\/predigten-2025\/"]}]},{"@type":"BreadcrumbList","@id":"https:\/\/www.baptisten-stralsund.de\/EFGwordpress\/gottesdienst\/predigten-2025\/#breadcrumb","itemListElement":[{"@type":"ListItem","position":1,"name":"Startseite","item":"https:\/\/www.baptisten-stralsund.de\/EFGwordpress\/"},{"@type":"ListItem","position":2,"name":"Gottesdienst","item":"https:\/\/www.baptisten-stralsund.de\/EFGwordpress\/gottesdienst\/"},{"@type":"ListItem","position":3,"name":"Predigten 2025"}]},{"@type":"WebSite","@id":"https:\/\/www.baptisten-stralsund.de\/EFGwordpress\/#website","url":"https:\/\/www.baptisten-stralsund.de\/EFGwordpress\/","name":"EFG Stralsund und Grimmen","description":"Evangelisch-Freikirchliche Gemeinde Stralsund und Grimmen","potentialAction":[{"@type":"SearchAction","target":{"@type":"EntryPoint","urlTemplate":"https:\/\/www.baptisten-stralsund.de\/EFGwordpress\/?s={search_term_string}"},"query-input":{"@type":"PropertyValueSpecification","valueRequired":true,"valueName":"search_term_string"}}],"inLanguage":"de"}]}},"jetpack_sharing_enabled":true,"jetpack_shortlink":"https:\/\/wp.me\/P7w95l-jt","jetpack-related-posts":[{"id":1147,"url":"https:\/\/www.baptisten-stralsund.de\/EFGwordpress\/gottesdienst\/predigten-2024\/","url_meta":{"origin":1207,"position":0},"title":"Predigten 2024","author":"EFGHSTGMN","date":"31. Dezember 2023","format":false,"excerpt":"Hier finden Sie einige Predigten zum Nachh\u00f6ren. Die Rechte verbleiben selbstverst\u00e4ndlich beim Prediger. Die Tondokumente sind nur zum pers\u00f6nlichen Gebrauch bestimmt. Alles weitere m\u00fcsste mit dem Prediger abgesprochen werden.","rel":"","context":"\u00c4hnlicher Beitrag","block_context":{"text":"\u00c4hnlicher Beitrag","link":""},"img":{"alt_text":"","src":"","width":0,"height":0},"classes":[]},{"id":1266,"url":"https:\/\/www.baptisten-stralsund.de\/EFGwordpress\/gottesdienst\/predigten-aktuell\/","url_meta":{"origin":1207,"position":1},"title":"Predigten aktuell","author":"EFGHSTGMN","date":"19. Januar 2026","format":false,"excerpt":"Hier finden Sie die aktuellen Predigten zum Nachh\u00f6ren. Die Rechte verbleiben selbstverst\u00e4ndlich beim Prediger. Die Tondokumente sind nur zum pers\u00f6nlichen Gebrauch bestimmt. Alles weitere m\u00fcsste mit dem Prediger abgesprochen werden.","rel":"","context":"\u00c4hnlicher Beitrag","block_context":{"text":"\u00c4hnlicher Beitrag","link":""},"img":{"alt_text":"","src":"","width":0,"height":0},"classes":[]},{"id":7,"url":"https:\/\/www.baptisten-stralsund.de\/EFGwordpress\/gottesdienst\/predigten-2019\/","url_meta":{"origin":1207,"position":2},"title":"Predigten 2019","author":"EFGHSTGMN","date":"31. August 2015","format":false,"excerpt":"Hier finden Sie einige Predigten zum Nachh\u00f6ren. Die Rechte verbleiben selbstverst\u00e4ndlich beim Prediger. Die Tondokumente sind nur zum pers\u00f6nlichen Gebrauch bestimmt. Alles weitere m\u00fcsste mit dem Prediger abgesprochen werden.","rel":"","context":"\u00c4hnlicher Beitrag","block_context":{"text":"\u00c4hnlicher Beitrag","link":""},"img":{"alt_text":"","src":"","width":0,"height":0},"classes":[]},{"id":10,"url":"https:\/\/www.baptisten-stralsund.de\/EFGwordpress\/gottesdienst\/predigten-2020\/","url_meta":{"origin":1207,"position":3},"title":"Predigten 2020","author":"EFGHSTGMN","date":"31. August 2015","format":false,"excerpt":"Hier finden Sie einige Predigten zum Nachh\u00f6ren. Die Rechte verbleiben selbstverst\u00e4ndlich beim Prediger. Die Tondokumente sind nur zum pers\u00f6nlichen Gebrauch bestimmt. Alles weitere m\u00fcsste mit dem Prediger abgesprochen werden.","rel":"","context":"\u00c4hnlicher Beitrag","block_context":{"text":"\u00c4hnlicher Beitrag","link":""},"img":{"alt_text":"","src":"","width":0,"height":0},"classes":[]},{"id":28,"url":"https:\/\/www.baptisten-stralsund.de\/EFGwordpress\/gottesdienst\/predigten-2017\/","url_meta":{"origin":1207,"position":4},"title":"Predigten 2017","author":"EFGHSTGMN","date":"7. Mai 2016","format":false,"excerpt":"Hier finden Sie einige Predigten zum Nachh\u00f6ren. Die Rechte verbleiben selbstverst\u00e4ndlich beim Prediger. Die Tondokumente sind nur zum pers\u00f6nlichen Gebrauch bestimmt. Alles weitere m\u00fcsste mit dem Prediger abgesprochen werden.","rel":"","context":"\u00c4hnlicher Beitrag","block_context":{"text":"\u00c4hnlicher Beitrag","link":""},"img":{"alt_text":"","src":"","width":0,"height":0},"classes":[]},{"id":31,"url":"https:\/\/www.baptisten-stralsund.de\/EFGwordpress\/gottesdienst\/predigten-2018\/","url_meta":{"origin":1207,"position":5},"title":"Predigten 2018","author":"EFGHSTGMN","date":"7. Mai 2016","format":false,"excerpt":"Hier finden Sie einige Predigten zum Nachh\u00f6ren. Die Rechte verbleiben selbstverst\u00e4ndlich beim Prediger. Die Tondokumente sind nur zum pers\u00f6nlichen Gebrauch bestimmt. Alles weitere m\u00fcsste mit dem Prediger abgesprochen werden.","rel":"","context":"\u00c4hnlicher Beitrag","block_context":{"text":"\u00c4hnlicher Beitrag","link":""},"img":{"alt_text":"","src":"","width":0,"height":0},"classes":[]}],"_links":{"self":[{"href":"https:\/\/www.baptisten-stralsund.de\/EFGwordpress\/wp-json\/wp\/v2\/pages\/1207","targetHints":{"allow":["GET"]}}],"collection":[{"href":"https:\/\/www.baptisten-stralsund.de\/EFGwordpress\/wp-json\/wp\/v2\/pages"}],"about":[{"href":"https:\/\/www.baptisten-stralsund.de\/EFGwordpress\/wp-json\/wp\/v2\/types\/page"}],"author":[{"embeddable":true,"href":"https:\/\/www.baptisten-stralsund.de\/EFGwordpress\/wp-json\/wp\/v2\/users\/1"}],"replies":[{"embeddable":true,"href":"https:\/\/www.baptisten-stralsund.de\/EFGwordpress\/wp-json\/wp\/v2\/comments?post=1207"}],"version-history":[{"count":4,"href":"https:\/\/www.baptisten-stralsund.de\/EFGwordpress\/wp-json\/wp\/v2\/pages\/1207\/revisions"}],"predecessor-version":[{"id":1269,"href":"https:\/\/www.baptisten-stralsund.de\/EFGwordpress\/wp-json\/wp\/v2\/pages\/1207\/revisions\/1269"}],"up":[{"embeddable":true,"href":"https:\/\/www.baptisten-stralsund.de\/EFGwordpress\/wp-json\/wp\/v2\/pages\/5"}],"wp:attachment":[{"href":"https:\/\/www.baptisten-stralsund.de\/EFGwordpress\/wp-json\/wp\/v2\/media?parent=1207"}],"curies":[{"name":"wp","href":"https:\/\/api.w.org\/{rel}","templated":true}]}}