{"id":1266,"date":"2026-01-19T21:06:38","date_gmt":"2026-01-19T20:06:38","guid":{"rendered":"https:\/\/www.baptisten-stralsund.de\/EFGwordpress\/?page_id=1266"},"modified":"2026-01-19T21:11:20","modified_gmt":"2026-01-19T20:11:20","slug":"predigten-aktuell","status":"publish","type":"page","link":"https:\/\/www.baptisten-stralsund.de\/EFGwordpress\/gottesdienst\/predigten-aktuell\/","title":{"rendered":"Predigten aktuell"},"content":{"rendered":"\n<p>Hier finden Sie die aktuellen Predigten zum Nachh\u00f6ren. Die Rechte verbleiben selbstverst\u00e4ndlich beim Prediger. Die Tondokumente sind nur zum pers\u00f6nlichen Gebrauch bestimmt. Alles weitere m\u00fcsste mit dem Prediger abgesprochen werden.<\/p>\n\n\n\n\n<table id=\"tablepress-16\" class=\"tablepress tablepress-id-16\">\n<thead>\n<tr class=\"row-1\">\n\t<th class=\"column-1\">Datum<\/th><th class=\"column-2\">PredigerIn<\/th><th class=\"column-3\">Bibeltext <\/th><th class=\"column-4\">Thema<\/th><th class=\"column-5\">Download<\/th>\n<\/tr>\n<\/thead>\n<tbody class=\"row-striping row-hover\">\n<tr class=\"row-2\">\n\t<td class=\"column-1\">26.04.2026<\/td><td class=\"column-2\">Helmfried Martschewski<\/td><td class=\"column-3\">Apostelgeschichte 2,41-47 <br \/>\n2. Korinther 12,17-21<\/td><td class=\"column-4\">Mittelpunkt Jesus: Glaube zwischen Ideal und Wirklichkeit<\/td><td class=\"column-5\"><a href=\"http:\/\/baptisten-stralsund.de\/filesfrei\/PredigtenMP3\/2026\/2026-04-26-PredigtHMartschewskiApg2,41-472Kor12,17-21.mp3\"><img data-recalc-dims=\"1\" loading=\"lazy\" decoding=\"async\" src=\"https:\/\/i0.wp.com\/www.baptisten-stralsund.de\/EFGwordpress\/wp-content\/uploads\/2016\/05\/play-button-klein.jpg?resize=35%2C35\" alt=\"play-button klein\" width=\"35\" height=\"35\" class=\"alignnone size-full wp-image-61\" \/><\/a><\/td>\n<\/tr>\n<tr class=\"row-3\">\n\t<td class=\"column-1\">12.04.2026<\/td><td class=\"column-2\">Michael Kleschewski<\/td><td class=\"column-3\">Jesaja 40,26-31<\/td><td class=\"column-4\">Unser Blick, unser Gott, unser Glaube<\/td><td class=\"column-5\"><a href=\"http:\/\/baptisten-stralsund.de\/filesfrei\/PredigtenMP3\/2026\/2026-04-12-PredigtMKleschewskiJes40,26-31.mp3\"><img data-recalc-dims=\"1\" loading=\"lazy\" decoding=\"async\" src=\"https:\/\/i0.wp.com\/www.baptisten-stralsund.de\/EFGwordpress\/wp-content\/uploads\/2016\/05\/play-button-klein.jpg?resize=35%2C35\" alt=\"play-button klein\" width=\"35\" height=\"35\" class=\"alignnone size-full wp-image-61\" \/><\/a><\/td>\n<\/tr>\n<tr class=\"row-4\">\n\t<td class=\"column-1\">03.04.2026<\/td><td class=\"column-2\">Antje-Eva Kamrath<\/td><td class=\"column-3\"><\/td><td class=\"column-4\">Jesu 7 Worte am Kreuz<\/td><td class=\"column-5\"><a href=\"http:\/\/baptisten-stralsund.de\/filesfrei\/PredigtenMP3\/2026\/2026-04-03-PredigtAEKamrath.mp3\"><img data-recalc-dims=\"1\" loading=\"lazy\" decoding=\"async\" src=\"https:\/\/i0.wp.com\/www.baptisten-stralsund.de\/EFGwordpress\/wp-content\/uploads\/2016\/05\/play-button-klein.jpg?resize=35%2C35\" alt=\"play-button klein\" width=\"35\" height=\"35\" class=\"alignnone size-full wp-image-61\" \/><\/a><\/td>\n<\/tr>\n<tr class=\"row-5\">\n\t<td class=\"column-1\">29.03.2026<\/td><td class=\"column-2\">Daniel M\u00fcller<\/td><td class=\"column-3\">Markus 14,1-9<\/td><td class=\"column-4\">Die Dankbarkeit einer besonderen Frau<\/td><td class=\"column-5\"><a href=\"http:\/\/baptisten-stralsund.de\/filesfrei\/PredigtenMP3\/2026\/2026-03-29-PredigtDMuellerMk14,1-9.mp3\"><img data-recalc-dims=\"1\" loading=\"lazy\" decoding=\"async\" src=\"https:\/\/i0.wp.com\/www.baptisten-stralsund.de\/EFGwordpress\/wp-content\/uploads\/2016\/05\/play-button-klein.jpg?resize=35%2C35\" alt=\"play-button klein\" width=\"35\" height=\"35\" class=\"alignnone size-full wp-image-61\" \/><\/a><\/td>\n<\/tr>\n<tr class=\"row-6\">\n\t<td class=\"column-1\">22.03.2026<\/td><td class=\"column-2\">Stefanie Diekmann<\/td><td class=\"column-3\">Philipper 3,12-14<\/td><td class=\"column-4\">Auf dem Weg zum Ziel<\/td><td class=\"column-5\"><a href=\"http:\/\/baptisten-stralsund.de\/filesfrei\/PredigtenMP3\/2026\/2026-03-22-PredigtSDiekmannPhil3,12-14.mp3\"><img data-recalc-dims=\"1\" loading=\"lazy\" decoding=\"async\" src=\"https:\/\/i0.wp.com\/www.baptisten-stralsund.de\/EFGwordpress\/wp-content\/uploads\/2016\/05\/play-button-klein.jpg?resize=35%2C35\" alt=\"play-button klein\" width=\"35\" height=\"35\" class=\"alignnone size-full wp-image-61\" \/><\/a><\/td>\n<\/tr>\n<tr class=\"row-7\">\n\t<td class=\"column-1\">15.03.2026<\/td><td class=\"column-2\">Daniel M\u00fcller<\/td><td class=\"column-3\">aus Psalm 31+144<\/td><td class=\"column-4\">Gott ist meine Burg<\/td><td class=\"column-5\"><a href=\"http:\/\/baptisten-stralsund.de\/filesfrei\/PredigtenMP3\/2026\/2026-03-15-PredigtDMueller.mp3\"><img data-recalc-dims=\"1\" loading=\"lazy\" decoding=\"async\" src=\"https:\/\/i0.wp.com\/www.baptisten-stralsund.de\/EFGwordpress\/wp-content\/uploads\/2016\/05\/play-button-klein.jpg?resize=35%2C35\" alt=\"play-button klein\" width=\"35\" height=\"35\" class=\"alignnone size-full wp-image-61\" \/><\/a><\/td>\n<\/tr>\n<tr class=\"row-8\">\n\t<td class=\"column-1\">08.03.2026<\/td><td class=\"column-2\">David Lichti<\/td><td class=\"column-3\">Johannes 11,1-37<\/td><td class=\"column-4\">Leben im Sterben<\/td><td class=\"column-5\"><a href=\"http:\/\/baptisten-stralsund.de\/filesfrei\/PredigtenMP3\/2026\/2026-03-08-PredigtDLichtiJoh11,1-37.mp3\"><img data-recalc-dims=\"1\" loading=\"lazy\" decoding=\"async\" src=\"https:\/\/i0.wp.com\/www.baptisten-stralsund.de\/EFGwordpress\/wp-content\/uploads\/2016\/05\/play-button-klein.jpg?resize=35%2C35\" alt=\"play-button klein\" width=\"35\" height=\"35\" class=\"alignnone size-full wp-image-61\" \/><\/a><\/td>\n<\/tr>\n<tr class=\"row-9\">\n\t<td class=\"column-1\">01.03.2026<\/td><td class=\"column-2\">Daniel M\u00fcller<\/td><td class=\"column-3\">R\u00f6mer 5,1-5<\/td><td class=\"column-4\">Vom Ja Gottes leben<\/td><td class=\"column-5\"><a href=\"http:\/\/baptisten-stralsund.de\/filesfrei\/PredigtenMP3\/2026\/2026-03-01-PredigtDMuellerRom5,1-5.mp3\"><img data-recalc-dims=\"1\" loading=\"lazy\" decoding=\"async\" src=\"https:\/\/i0.wp.com\/www.baptisten-stralsund.de\/EFGwordpress\/wp-content\/uploads\/2016\/05\/play-button-klein.jpg?resize=35%2C35\" alt=\"play-button klein\" width=\"35\" height=\"35\" class=\"alignnone size-full wp-image-61\" \/><\/a><\/td>\n<\/tr>\n<tr class=\"row-10\">\n\t<td class=\"column-1\">22.02.2026<\/td><td class=\"column-2\">Daniel M\u00fcller<\/td><td class=\"column-3\">Hesekiel 2;3,1-3<\/td><td class=\"column-4\">Bitter-S\u00fc\u00df<\/td><td class=\"column-5\"><a href=\"http:\/\/baptisten-stralsund.de\/filesfrei\/PredigtenMP3\/2026\/2026-02-22-PredigtDMuellerHes2+3,1-3.mp3\"><img data-recalc-dims=\"1\" loading=\"lazy\" decoding=\"async\" src=\"https:\/\/i0.wp.com\/www.baptisten-stralsund.de\/EFGwordpress\/wp-content\/uploads\/2016\/05\/play-button-klein.jpg?resize=35%2C35\" alt=\"play-button klein\" width=\"35\" height=\"35\" class=\"alignnone size-full wp-image-61\" \/><\/a><\/td>\n<\/tr>\n<tr class=\"row-11\">\n\t<td class=\"column-1\">15.02.2026<\/td><td class=\"column-2\">Marit Scheitor<\/td><td class=\"column-3\">Lukas 18,31-43<\/td><td class=\"column-4\">Herr, erbarme dich<\/td><td class=\"column-5\"><a href=\"http:\/\/baptisten-stralsund.de\/filesfrei\/PredigtenMP3\/2026\/2026-02-15-PredigtMScheitorLk18,31-43.mp3\"><img data-recalc-dims=\"1\" loading=\"lazy\" decoding=\"async\" src=\"https:\/\/i0.wp.com\/www.baptisten-stralsund.de\/EFGwordpress\/wp-content\/uploads\/2016\/05\/play-button-klein.jpg?resize=35%2C35\" alt=\"play-button klein\" width=\"35\" height=\"35\" class=\"alignnone size-full wp-image-61\" \/><\/a><\/td>\n<\/tr>\n<tr class=\"row-12\">\n\t<td class=\"column-1\">08.02.2026<\/td><td class=\"column-2\">Ruth &amp; Helmut Adamy<\/td><td class=\"column-3\">Matth\u00e4us 24,12-13<\/td><td class=\"column-4\">Licht und Dunkelheit<\/td><td class=\"column-5\"><a href=\"http:\/\/baptisten-stralsund.de\/filesfrei\/PredigtenMP3\/2026\/2026-02-08-PredigtR+HAdamyMt24,12-13.mp3\"><img data-recalc-dims=\"1\" loading=\"lazy\" decoding=\"async\" src=\"https:\/\/i0.wp.com\/www.baptisten-stralsund.de\/EFGwordpress\/wp-content\/uploads\/2016\/05\/play-button-klein.jpg?resize=35%2C35\" alt=\"play-button klein\" width=\"35\" height=\"35\" class=\"alignnone size-full wp-image-61\" \/><\/a><\/td>\n<\/tr>\n<tr class=\"row-13\">\n\t<td class=\"column-1\">01.02.2026<\/td><td class=\"column-2\">Daniel M\u00fcller<\/td><td class=\"column-3\">Apostelgeschichte 10,21-35<\/td><td class=\"column-4\">Gottes Geist bringt uns zusammen - gegen unsere Grenzen<\/td><td class=\"column-5\"><a href=\"http:\/\/baptisten-stralsund.de\/filesfrei\/PredigtenMP3\/2026\/2026-02-01-PredigtDMuellerApg10,21-35.mp3\"><img data-recalc-dims=\"1\" loading=\"lazy\" decoding=\"async\" src=\"https:\/\/i0.wp.com\/www.baptisten-stralsund.de\/EFGwordpress\/wp-content\/uploads\/2016\/05\/play-button-klein.jpg?resize=35%2C35\" alt=\"play-button klein\" width=\"35\" height=\"35\" class=\"alignnone size-full wp-image-61\" \/><\/a><\/td>\n<\/tr>\n<tr class=\"row-14\">\n\t<td class=\"column-1\">11.01.2026<\/td><td class=\"column-2\">Daniel M\u00fcller<\/td><td class=\"column-3\">Offenbarung 21,5<\/td><td class=\"column-4\">Jahreslosung<\/td><td class=\"column-5\"><a href=\"http:\/\/baptisten-stralsund.de\/filesfrei\/PredigtenMP3\/2026\/2026-01-11-PredigtDMuellerOff21,5.mp3\"><img data-recalc-dims=\"1\" loading=\"lazy\" decoding=\"async\" src=\"https:\/\/i0.wp.com\/www.baptisten-stralsund.de\/EFGwordpress\/wp-content\/uploads\/2016\/05\/play-button-klein.jpg?resize=35%2C35\" alt=\"play-button klein\" width=\"35\" height=\"35\" class=\"alignnone size-full wp-image-61\" \/><\/a><\/td>\n<\/tr>\n<\/tbody>\n<\/table>\n<!-- #tablepress-16 from cache -->\n\n\n\n<p><\/p>\n","protected":false},"excerpt":{"rendered":"<p>Hier finden Sie die aktuellen Predigten zum Nachh\u00f6ren. Die Rechte verbleiben selbstverst\u00e4ndlich beim Prediger. Die Tondokumente sind nur zum pers\u00f6nlichen Gebrauch bestimmt. Alles weitere m\u00fcsste mit dem Prediger abgesprochen werden.<\/p>\n","protected":false},"author":1,"featured_media":0,"parent":5,"menu_order":0,"comment_status":"closed","ping_status":"closed","template":"","meta":{"jetpack_post_was_ever_published":false,"footnotes":""},"class_list":["post-1266","page","type-page","status-publish","hentry"],"yoast_head":"<!-- This site is optimized with the Yoast SEO plugin v26.6 - https:\/\/yoast.com\/wordpress\/plugins\/seo\/ -->\n<title>Predigten aktuell - EFG Stralsund und Grimmen<\/title>\n<meta name=\"robots\" content=\"index, follow, max-snippet:-1, max-image-preview:large, max-video-preview:-1\" \/>\n<link rel=\"canonical\" href=\"https:\/\/www.baptisten-stralsund.de\/EFGwordpress\/gottesdienst\/predigten-aktuell\/\" \/>\n<meta property=\"og:locale\" content=\"de_DE\" \/>\n<meta property=\"og:type\" content=\"article\" \/>\n<meta property=\"og:title\" content=\"Predigten aktuell - EFG Stralsund und Grimmen\" \/>\n<meta property=\"og:description\" content=\"Hier finden Sie die aktuellen Predigten zum Nachh\u00f6ren. Die Rechte verbleiben selbstverst\u00e4ndlich beim Prediger. Die Tondokumente sind nur zum pers\u00f6nlichen Gebrauch bestimmt. Alles weitere m\u00fcsste mit dem Prediger abgesprochen werden.\" \/>\n<meta property=\"og:url\" content=\"https:\/\/www.baptisten-stralsund.de\/EFGwordpress\/gottesdienst\/predigten-aktuell\/\" \/>\n<meta property=\"og:site_name\" content=\"EFG Stralsund und Grimmen\" \/>\n<meta property=\"article:modified_time\" content=\"2026-01-19T20:11:20+00:00\" \/>\n<meta name=\"twitter:card\" content=\"summary_large_image\" \/>\n<meta name=\"twitter:label1\" content=\"Gesch\u00e4tzte Lesezeit\" \/>\n\t<meta name=\"twitter:data1\" content=\"1\u00a0Minute\" \/>\n<script type=\"application\/ld+json\" class=\"yoast-schema-graph\">{\"@context\":\"https:\/\/schema.org\",\"@graph\":[{\"@type\":\"WebPage\",\"@id\":\"https:\/\/www.baptisten-stralsund.de\/EFGwordpress\/gottesdienst\/predigten-aktuell\/\",\"url\":\"https:\/\/www.baptisten-stralsund.de\/EFGwordpress\/gottesdienst\/predigten-aktuell\/\",\"name\":\"Predigten aktuell - EFG Stralsund und Grimmen\",\"isPartOf\":{\"@id\":\"https:\/\/www.baptisten-stralsund.de\/EFGwordpress\/#website\"},\"datePublished\":\"2026-01-19T20:06:38+00:00\",\"dateModified\":\"2026-01-19T20:11:20+00:00\",\"breadcrumb\":{\"@id\":\"https:\/\/www.baptisten-stralsund.de\/EFGwordpress\/gottesdienst\/predigten-aktuell\/#breadcrumb\"},\"inLanguage\":\"de\",\"potentialAction\":[{\"@type\":\"ReadAction\",\"target\":[\"https:\/\/www.baptisten-stralsund.de\/EFGwordpress\/gottesdienst\/predigten-aktuell\/\"]}]},{\"@type\":\"BreadcrumbList\",\"@id\":\"https:\/\/www.baptisten-stralsund.de\/EFGwordpress\/gottesdienst\/predigten-aktuell\/#breadcrumb\",\"itemListElement\":[{\"@type\":\"ListItem\",\"position\":1,\"name\":\"Startseite\",\"item\":\"https:\/\/www.baptisten-stralsund.de\/EFGwordpress\/\"},{\"@type\":\"ListItem\",\"position\":2,\"name\":\"Gottesdienst\",\"item\":\"https:\/\/www.baptisten-stralsund.de\/EFGwordpress\/gottesdienst\/\"},{\"@type\":\"ListItem\",\"position\":3,\"name\":\"Predigten aktuell\"}]},{\"@type\":\"WebSite\",\"@id\":\"https:\/\/www.baptisten-stralsund.de\/EFGwordpress\/#website\",\"url\":\"https:\/\/www.baptisten-stralsund.de\/EFGwordpress\/\",\"name\":\"EFG Stralsund und Grimmen\",\"description\":\"Evangelisch-Freikirchliche Gemeinde Stralsund und Grimmen\",\"potentialAction\":[{\"@type\":\"SearchAction\",\"target\":{\"@type\":\"EntryPoint\",\"urlTemplate\":\"https:\/\/www.baptisten-stralsund.de\/EFGwordpress\/?s={search_term_string}\"},\"query-input\":{\"@type\":\"PropertyValueSpecification\",\"valueRequired\":true,\"valueName\":\"search_term_string\"}}],\"inLanguage\":\"de\"}]}<\/script>\n<!-- \/ Yoast SEO plugin. -->","yoast_head_json":{"title":"Predigten aktuell - EFG Stralsund und Grimmen","robots":{"index":"index","follow":"follow","max-snippet":"max-snippet:-1","max-image-preview":"max-image-preview:large","max-video-preview":"max-video-preview:-1"},"canonical":"https:\/\/www.baptisten-stralsund.de\/EFGwordpress\/gottesdienst\/predigten-aktuell\/","og_locale":"de_DE","og_type":"article","og_title":"Predigten aktuell - EFG Stralsund und Grimmen","og_description":"Hier finden Sie die aktuellen Predigten zum Nachh\u00f6ren. Die Rechte verbleiben selbstverst\u00e4ndlich beim Prediger. Die Tondokumente sind nur zum pers\u00f6nlichen Gebrauch bestimmt. Alles weitere m\u00fcsste mit dem Prediger abgesprochen werden.","og_url":"https:\/\/www.baptisten-stralsund.de\/EFGwordpress\/gottesdienst\/predigten-aktuell\/","og_site_name":"EFG Stralsund und Grimmen","article_modified_time":"2026-01-19T20:11:20+00:00","twitter_card":"summary_large_image","twitter_misc":{"Gesch\u00e4tzte Lesezeit":"1\u00a0Minute"},"schema":{"@context":"https:\/\/schema.org","@graph":[{"@type":"WebPage","@id":"https:\/\/www.baptisten-stralsund.de\/EFGwordpress\/gottesdienst\/predigten-aktuell\/","url":"https:\/\/www.baptisten-stralsund.de\/EFGwordpress\/gottesdienst\/predigten-aktuell\/","name":"Predigten aktuell - EFG Stralsund und Grimmen","isPartOf":{"@id":"https:\/\/www.baptisten-stralsund.de\/EFGwordpress\/#website"},"datePublished":"2026-01-19T20:06:38+00:00","dateModified":"2026-01-19T20:11:20+00:00","breadcrumb":{"@id":"https:\/\/www.baptisten-stralsund.de\/EFGwordpress\/gottesdienst\/predigten-aktuell\/#breadcrumb"},"inLanguage":"de","potentialAction":[{"@type":"ReadAction","target":["https:\/\/www.baptisten-stralsund.de\/EFGwordpress\/gottesdienst\/predigten-aktuell\/"]}]},{"@type":"BreadcrumbList","@id":"https:\/\/www.baptisten-stralsund.de\/EFGwordpress\/gottesdienst\/predigten-aktuell\/#breadcrumb","itemListElement":[{"@type":"ListItem","position":1,"name":"Startseite","item":"https:\/\/www.baptisten-stralsund.de\/EFGwordpress\/"},{"@type":"ListItem","position":2,"name":"Gottesdienst","item":"https:\/\/www.baptisten-stralsund.de\/EFGwordpress\/gottesdienst\/"},{"@type":"ListItem","position":3,"name":"Predigten aktuell"}]},{"@type":"WebSite","@id":"https:\/\/www.baptisten-stralsund.de\/EFGwordpress\/#website","url":"https:\/\/www.baptisten-stralsund.de\/EFGwordpress\/","name":"EFG Stralsund und Grimmen","description":"Evangelisch-Freikirchliche Gemeinde Stralsund und Grimmen","potentialAction":[{"@type":"SearchAction","target":{"@type":"EntryPoint","urlTemplate":"https:\/\/www.baptisten-stralsund.de\/EFGwordpress\/?s={search_term_string}"},"query-input":{"@type":"PropertyValueSpecification","valueRequired":true,"valueName":"search_term_string"}}],"inLanguage":"de"}]}},"jetpack_sharing_enabled":true,"jetpack_shortlink":"https:\/\/wp.me\/P7w95l-kq","jetpack-related-posts":[{"id":1147,"url":"https:\/\/www.baptisten-stralsund.de\/EFGwordpress\/gottesdienst\/predigten-2024\/","url_meta":{"origin":1266,"position":0},"title":"Predigten 2024","author":"EFGHSTGMN","date":"31. Dezember 2023","format":false,"excerpt":"Hier finden Sie einige Predigten zum Nachh\u00f6ren. Die Rechte verbleiben selbstverst\u00e4ndlich beim Prediger. Die Tondokumente sind nur zum pers\u00f6nlichen Gebrauch bestimmt. Alles weitere m\u00fcsste mit dem Prediger abgesprochen werden.","rel":"","context":"\u00c4hnlicher Beitrag","block_context":{"text":"\u00c4hnlicher Beitrag","link":""},"img":{"alt_text":"","src":"","width":0,"height":0},"classes":[]},{"id":1207,"url":"https:\/\/www.baptisten-stralsund.de\/EFGwordpress\/gottesdienst\/predigten-2025\/","url_meta":{"origin":1266,"position":1},"title":"Predigten 2025","author":"EFGHSTGMN","date":"13. Januar 2025","format":false,"excerpt":"Hier finden Sie einige Predigten zum Nachh\u00f6ren. Die Rechte verbleiben selbstverst\u00e4ndlich beim Prediger. Die Tondokumente sind nur zum pers\u00f6nlichen Gebrauch bestimmt. Alles weitere m\u00fcsste mit dem Prediger abgesprochen werden.","rel":"","context":"\u00c4hnlicher Beitrag","block_context":{"text":"\u00c4hnlicher Beitrag","link":""},"img":{"alt_text":"","src":"","width":0,"height":0},"classes":[]},{"id":7,"url":"https:\/\/www.baptisten-stralsund.de\/EFGwordpress\/gottesdienst\/predigten-2019\/","url_meta":{"origin":1266,"position":2},"title":"Predigten 2019","author":"EFGHSTGMN","date":"31. August 2015","format":false,"excerpt":"Hier finden Sie einige Predigten zum Nachh\u00f6ren. Die Rechte verbleiben selbstverst\u00e4ndlich beim Prediger. Die Tondokumente sind nur zum pers\u00f6nlichen Gebrauch bestimmt. Alles weitere m\u00fcsste mit dem Prediger abgesprochen werden.","rel":"","context":"\u00c4hnlicher Beitrag","block_context":{"text":"\u00c4hnlicher Beitrag","link":""},"img":{"alt_text":"","src":"","width":0,"height":0},"classes":[]},{"id":10,"url":"https:\/\/www.baptisten-stralsund.de\/EFGwordpress\/gottesdienst\/predigten-2020\/","url_meta":{"origin":1266,"position":3},"title":"Predigten 2020","author":"EFGHSTGMN","date":"31. August 2015","format":false,"excerpt":"Hier finden Sie einige Predigten zum Nachh\u00f6ren. Die Rechte verbleiben selbstverst\u00e4ndlich beim Prediger. Die Tondokumente sind nur zum pers\u00f6nlichen Gebrauch bestimmt. Alles weitere m\u00fcsste mit dem Prediger abgesprochen werden.","rel":"","context":"\u00c4hnlicher Beitrag","block_context":{"text":"\u00c4hnlicher Beitrag","link":""},"img":{"alt_text":"","src":"","width":0,"height":0},"classes":[]},{"id":28,"url":"https:\/\/www.baptisten-stralsund.de\/EFGwordpress\/gottesdienst\/predigten-2017\/","url_meta":{"origin":1266,"position":4},"title":"Predigten 2017","author":"EFGHSTGMN","date":"7. Mai 2016","format":false,"excerpt":"Hier finden Sie einige Predigten zum Nachh\u00f6ren. Die Rechte verbleiben selbstverst\u00e4ndlich beim Prediger. Die Tondokumente sind nur zum pers\u00f6nlichen Gebrauch bestimmt. Alles weitere m\u00fcsste mit dem Prediger abgesprochen werden.","rel":"","context":"\u00c4hnlicher Beitrag","block_context":{"text":"\u00c4hnlicher Beitrag","link":""},"img":{"alt_text":"","src":"","width":0,"height":0},"classes":[]},{"id":31,"url":"https:\/\/www.baptisten-stralsund.de\/EFGwordpress\/gottesdienst\/predigten-2018\/","url_meta":{"origin":1266,"position":5},"title":"Predigten 2018","author":"EFGHSTGMN","date":"7. Mai 2016","format":false,"excerpt":"Hier finden Sie einige Predigten zum Nachh\u00f6ren. Die Rechte verbleiben selbstverst\u00e4ndlich beim Prediger. Die Tondokumente sind nur zum pers\u00f6nlichen Gebrauch bestimmt. Alles weitere m\u00fcsste mit dem Prediger abgesprochen werden.","rel":"","context":"\u00c4hnlicher Beitrag","block_context":{"text":"\u00c4hnlicher Beitrag","link":""},"img":{"alt_text":"","src":"","width":0,"height":0},"classes":[]}],"_links":{"self":[{"href":"https:\/\/www.baptisten-stralsund.de\/EFGwordpress\/wp-json\/wp\/v2\/pages\/1266","targetHints":{"allow":["GET"]}}],"collection":[{"href":"https:\/\/www.baptisten-stralsund.de\/EFGwordpress\/wp-json\/wp\/v2\/pages"}],"about":[{"href":"https:\/\/www.baptisten-stralsund.de\/EFGwordpress\/wp-json\/wp\/v2\/types\/page"}],"author":[{"embeddable":true,"href":"https:\/\/www.baptisten-stralsund.de\/EFGwordpress\/wp-json\/wp\/v2\/users\/1"}],"replies":[{"embeddable":true,"href":"https:\/\/www.baptisten-stralsund.de\/EFGwordpress\/wp-json\/wp\/v2\/comments?post=1266"}],"version-history":[{"count":4,"href":"https:\/\/www.baptisten-stralsund.de\/EFGwordpress\/wp-json\/wp\/v2\/pages\/1266\/revisions"}],"predecessor-version":[{"id":1272,"href":"https:\/\/www.baptisten-stralsund.de\/EFGwordpress\/wp-json\/wp\/v2\/pages\/1266\/revisions\/1272"}],"up":[{"embeddable":true,"href":"https:\/\/www.baptisten-stralsund.de\/EFGwordpress\/wp-json\/wp\/v2\/pages\/5"}],"wp:attachment":[{"href":"https:\/\/www.baptisten-stralsund.de\/EFGwordpress\/wp-json\/wp\/v2\/media?parent=1266"}],"curies":[{"name":"wp","href":"https:\/\/api.w.org\/{rel}","templated":true}]}}