{"id":2,"date":"2015-08-31T18:06:27","date_gmt":"2015-08-31T16:06:27","guid":{"rendered":"http:\/\/www.baptisten-stralsund.de\/EFGwordpress\/?page_id=2"},"modified":"2021-06-21T20:20:19","modified_gmt":"2021-06-21T18:20:19","slug":"home","status":"publish","type":"page","link":"https:\/\/www.baptisten-stralsund.de\/EFGwordpress\/","title":{"rendered":"Home"},"content":{"rendered":"<figure id=\"attachment_256\" aria-describedby=\"caption-attachment-256\" style=\"width: 353px\" class=\"wp-caption alignright\"><img data-recalc-dims=\"1\" loading=\"lazy\" decoding=\"async\" data-attachment-id=\"256\" data-permalink=\"https:\/\/www.baptisten-stralsund.de\/EFGwordpress\/home\/konica-minolta-digital-camera\/\" data-orig-file=\"https:\/\/i0.wp.com\/www.baptisten-stralsund.de\/EFGwordpress\/wp-content\/uploads\/2015\/08\/Stralsundbilder-022.jpg?fit=1920%2C2560&amp;ssl=1\" data-orig-size=\"1920,2560\" data-comments-opened=\"1\" data-image-meta=\"{&quot;aperture&quot;:&quot;2.8&quot;,&quot;credit&quot;:&quot;&quot;,&quot;camera&quot;:&quot;DiMAGE Z5&quot;,&quot;caption&quot;:&quot;KONICA MINOLTA DIGITAL CAMERA&quot;,&quot;created_timestamp&quot;:&quot;1121023944&quot;,&quot;copyright&quot;:&quot;&quot;,&quot;focal_length&quot;:&quot;5.859375&quot;,&quot;iso&quot;:&quot;50&quot;,&quot;shutter_speed&quot;:&quot;0.004&quot;,&quot;title&quot;:&quot;KONICA MINOLTA DIGITAL CAMERA&quot;,&quot;orientation&quot;:&quot;0&quot;}\" data-image-title=\"\" data-image-description=\"\" data-image-caption=\"\" data-medium-file=\"https:\/\/i0.wp.com\/www.baptisten-stralsund.de\/EFGwordpress\/wp-content\/uploads\/2015\/08\/Stralsundbilder-022.jpg?fit=225%2C300&amp;ssl=1\" data-large-file=\"https:\/\/i0.wp.com\/www.baptisten-stralsund.de\/EFGwordpress\/wp-content\/uploads\/2015\/08\/Stralsundbilder-022.jpg?fit=768%2C1024&amp;ssl=1\" class=\"wp-image-256\" src=\"https:\/\/i0.wp.com\/www.baptisten-stralsund.de\/EFGwordpress\/wp-content\/uploads\/2015\/08\/Stralsundbilder-022-225x300.jpg?resize=353%2C470\" width=\"353\" height=\"470\" srcset=\"https:\/\/i0.wp.com\/www.baptisten-stralsund.de\/EFGwordpress\/wp-content\/uploads\/2015\/08\/Stralsundbilder-022.jpg?resize=225%2C300&amp;ssl=1 225w, https:\/\/i0.wp.com\/www.baptisten-stralsund.de\/EFGwordpress\/wp-content\/uploads\/2015\/08\/Stralsundbilder-022.jpg?resize=768%2C1024&amp;ssl=1 768w, https:\/\/i0.wp.com\/www.baptisten-stralsund.de\/EFGwordpress\/wp-content\/uploads\/2015\/08\/Stralsundbilder-022.jpg?resize=1200%2C1600&amp;ssl=1 1200w, https:\/\/i0.wp.com\/www.baptisten-stralsund.de\/EFGwordpress\/wp-content\/uploads\/2015\/08\/Stralsundbilder-022.jpg?w=1920&amp;ssl=1 1920w, https:\/\/i0.wp.com\/www.baptisten-stralsund.de\/EFGwordpress\/wp-content\/uploads\/2015\/08\/Stralsundbilder-022.jpg?w=1680&amp;ssl=1 1680w\" sizes=\"auto, (max-width: 353px) 85vw, 353px\" \/><figcaption id=\"caption-attachment-256\" class=\"wp-caption-text\">Stralsund<\/figcaption><\/figure>\n<p style=\"text-align: left;\">Willkommen auf der Homepage der<br \/><strong>Evangelisch-Freikirchlichen Gemeinde<\/strong><strong><br \/>Stralsund (Baptisten).\u00a0<\/strong>Wir wollen hier einen<br \/>kleinen Einblick in unser Gemeindeleben geben. Richtig kennenlernen k\u00f6nnen Sie<br \/>uns aber nur, wenn Sie pers\u00f6nlich vorbeischauen.<br \/>Stralsund und Grimmen ergeben zusammen die<br \/>Gesamtgemeinde.<\/p>\n<p><a href=\"http:\/\/www.hoffnungskirche-grimmen.de\"><img data-recalc-dims=\"1\" loading=\"lazy\" decoding=\"async\" data-attachment-id=\"223\" data-permalink=\"https:\/\/www.baptisten-stralsund.de\/EFGwordpress\/home\/gmn-hoffnungskirche-logo\/\" data-orig-file=\"https:\/\/i0.wp.com\/www.baptisten-stralsund.de\/EFGwordpress\/wp-content\/uploads\/2016\/07\/GMN-Hoffnungskirche-logo.png?fit=654%2C200&amp;ssl=1\" data-orig-size=\"654,200\" data-comments-opened=\"1\" data-image-meta=\"{&quot;aperture&quot;:&quot;0&quot;,&quot;credit&quot;:&quot;&quot;,&quot;camera&quot;:&quot;&quot;,&quot;caption&quot;:&quot;&quot;,&quot;created_timestamp&quot;:&quot;0&quot;,&quot;copyright&quot;:&quot;&quot;,&quot;focal_length&quot;:&quot;0&quot;,&quot;iso&quot;:&quot;0&quot;,&quot;shutter_speed&quot;:&quot;0&quot;,&quot;title&quot;:&quot;&quot;,&quot;orientation&quot;:&quot;0&quot;}\" data-image-title=\"GMN-Hoffnungskirche-logo\" data-image-description=\"\" data-image-caption=\"\" data-medium-file=\"https:\/\/i0.wp.com\/www.baptisten-stralsund.de\/EFGwordpress\/wp-content\/uploads\/2016\/07\/GMN-Hoffnungskirche-logo.png?fit=300%2C92&amp;ssl=1\" data-large-file=\"https:\/\/i0.wp.com\/www.baptisten-stralsund.de\/EFGwordpress\/wp-content\/uploads\/2016\/07\/GMN-Hoffnungskirche-logo.png?fit=654%2C200&amp;ssl=1\" class=\"alignleft wp-image-223\" src=\"https:\/\/i0.wp.com\/www.baptisten-stralsund.de\/EFGwordpress\/wp-content\/uploads\/2016\/07\/GMN-Hoffnungskirche-logo.png?resize=356%2C109\" alt=\"\" width=\"356\" height=\"109\" srcset=\"https:\/\/i0.wp.com\/www.baptisten-stralsund.de\/EFGwordpress\/wp-content\/uploads\/2016\/07\/GMN-Hoffnungskirche-logo.png?w=654&amp;ssl=1 654w, https:\/\/i0.wp.com\/www.baptisten-stralsund.de\/EFGwordpress\/wp-content\/uploads\/2016\/07\/GMN-Hoffnungskirche-logo.png?resize=300%2C92&amp;ssl=1 300w\" sizes=\"auto, (max-width: 356px) 85vw, 356px\" \/><\/a><\/p>\n<p style=\"text-align: left;\">\u00a0<\/p>\n\n\n<p><\/p>\n","protected":false},"excerpt":{"rendered":"<p>Willkommen auf der Homepage derEvangelisch-Freikirchlichen GemeindeStralsund (Baptisten).\u00a0Wir wollen hier einenkleinen Einblick in unser Gemeindeleben geben. Richtig kennenlernen k\u00f6nnen Sieuns aber nur, wenn Sie pers\u00f6nlich vorbeischauen.Stralsund und Grimmen ergeben zusammen dieGesamtgemeinde. \u00a0<\/p>\n","protected":false},"author":1,"featured_media":0,"parent":0,"menu_order":10,"comment_status":"closed","ping_status":"closed","template":"","meta":{"jetpack_post_was_ever_published":false,"footnotes":""},"class_list":["post-2","page","type-page","status-publish","hentry"],"yoast_head":"<!-- This site is optimized with the Yoast SEO plugin v26.6 - https:\/\/yoast.com\/wordpress\/plugins\/seo\/ -->\n<title>Home - EFG Stralsund und Grimmen<\/title>\n<meta name=\"robots\" content=\"index, follow, max-snippet:-1, max-image-preview:large, max-video-preview:-1\" \/>\n<link rel=\"canonical\" href=\"https:\/\/www.baptisten-stralsund.de\/EFGwordpress\/\" \/>\n<meta property=\"og:locale\" content=\"de_DE\" \/>\n<meta property=\"og:type\" content=\"article\" \/>\n<meta property=\"og:title\" content=\"Home - EFG Stralsund und Grimmen\" \/>\n<meta property=\"og:description\" content=\"Willkommen auf der Homepage derEvangelisch-Freikirchlichen GemeindeStralsund (Baptisten).\u00a0Wir wollen hier einenkleinen Einblick in unser Gemeindeleben geben. Richtig kennenlernen k\u00f6nnen Sieuns aber nur, wenn Sie pers\u00f6nlich vorbeischauen.Stralsund und Grimmen ergeben zusammen dieGesamtgemeinde. \u00a0\" \/>\n<meta property=\"og:url\" content=\"https:\/\/www.baptisten-stralsund.de\/EFGwordpress\/\" \/>\n<meta property=\"og:site_name\" content=\"EFG Stralsund und Grimmen\" \/>\n<meta property=\"article:modified_time\" content=\"2021-06-21T18:20:19+00:00\" \/>\n<meta property=\"og:image\" content=\"http:\/\/www.baptisten-stralsund.de\/EFGwordpress\/wp-content\/uploads\/2015\/08\/Stralsundbilder-022-225x300.jpg\" \/>\n<meta name=\"twitter:card\" content=\"summary_large_image\" \/>\n<meta name=\"twitter:label1\" content=\"Gesch\u00e4tzte Lesezeit\" \/>\n\t<meta name=\"twitter:data1\" content=\"1\u00a0Minute\" \/>\n<script type=\"application\/ld+json\" class=\"yoast-schema-graph\">{\"@context\":\"https:\/\/schema.org\",\"@graph\":[{\"@type\":\"WebPage\",\"@id\":\"https:\/\/www.baptisten-stralsund.de\/EFGwordpress\/\",\"url\":\"https:\/\/www.baptisten-stralsund.de\/EFGwordpress\/\",\"name\":\"Home - EFG Stralsund und Grimmen\",\"isPartOf\":{\"@id\":\"https:\/\/www.baptisten-stralsund.de\/EFGwordpress\/#website\"},\"primaryImageOfPage\":{\"@id\":\"https:\/\/www.baptisten-stralsund.de\/EFGwordpress\/#primaryimage\"},\"image\":{\"@id\":\"https:\/\/www.baptisten-stralsund.de\/EFGwordpress\/#primaryimage\"},\"thumbnailUrl\":\"http:\/\/www.baptisten-stralsund.de\/EFGwordpress\/wp-content\/uploads\/2015\/08\/Stralsundbilder-022-225x300.jpg\",\"datePublished\":\"2015-08-31T16:06:27+00:00\",\"dateModified\":\"2021-06-21T18:20:19+00:00\",\"breadcrumb\":{\"@id\":\"https:\/\/www.baptisten-stralsund.de\/EFGwordpress\/#breadcrumb\"},\"inLanguage\":\"de\",\"potentialAction\":[{\"@type\":\"ReadAction\",\"target\":[\"https:\/\/www.baptisten-stralsund.de\/EFGwordpress\/\"]}]},{\"@type\":\"ImageObject\",\"inLanguage\":\"de\",\"@id\":\"https:\/\/www.baptisten-stralsund.de\/EFGwordpress\/#primaryimage\",\"url\":\"http:\/\/www.baptisten-stralsund.de\/EFGwordpress\/wp-content\/uploads\/2015\/08\/Stralsundbilder-022-225x300.jpg\",\"contentUrl\":\"http:\/\/www.baptisten-stralsund.de\/EFGwordpress\/wp-content\/uploads\/2015\/08\/Stralsundbilder-022-225x300.jpg\"},{\"@type\":\"BreadcrumbList\",\"@id\":\"https:\/\/www.baptisten-stralsund.de\/EFGwordpress\/#breadcrumb\",\"itemListElement\":[{\"@type\":\"ListItem\",\"position\":1,\"name\":\"Startseite\",\"item\":\"https:\/\/www.baptisten-stralsund.de\/EFGwordpress\/\"},{\"@type\":\"ListItem\",\"position\":2,\"name\":\"Home\"}]},{\"@type\":\"WebSite\",\"@id\":\"https:\/\/www.baptisten-stralsund.de\/EFGwordpress\/#website\",\"url\":\"https:\/\/www.baptisten-stralsund.de\/EFGwordpress\/\",\"name\":\"EFG Stralsund und Grimmen\",\"description\":\"Evangelisch-Freikirchliche Gemeinde Stralsund und Grimmen\",\"potentialAction\":[{\"@type\":\"SearchAction\",\"target\":{\"@type\":\"EntryPoint\",\"urlTemplate\":\"https:\/\/www.baptisten-stralsund.de\/EFGwordpress\/?s={search_term_string}\"},\"query-input\":{\"@type\":\"PropertyValueSpecification\",\"valueRequired\":true,\"valueName\":\"search_term_string\"}}],\"inLanguage\":\"de\"}]}<\/script>\n<!-- \/ Yoast SEO plugin. -->","yoast_head_json":{"title":"Home - EFG Stralsund und Grimmen","robots":{"index":"index","follow":"follow","max-snippet":"max-snippet:-1","max-image-preview":"max-image-preview:large","max-video-preview":"max-video-preview:-1"},"canonical":"https:\/\/www.baptisten-stralsund.de\/EFGwordpress\/","og_locale":"de_DE","og_type":"article","og_title":"Home - EFG Stralsund und Grimmen","og_description":"Willkommen auf der Homepage derEvangelisch-Freikirchlichen GemeindeStralsund (Baptisten).\u00a0Wir wollen hier einenkleinen Einblick in unser Gemeindeleben geben. Richtig kennenlernen k\u00f6nnen Sieuns aber nur, wenn Sie pers\u00f6nlich vorbeischauen.Stralsund und Grimmen ergeben zusammen dieGesamtgemeinde. \u00a0","og_url":"https:\/\/www.baptisten-stralsund.de\/EFGwordpress\/","og_site_name":"EFG Stralsund und Grimmen","article_modified_time":"2021-06-21T18:20:19+00:00","og_image":[{"url":"http:\/\/www.baptisten-stralsund.de\/EFGwordpress\/wp-content\/uploads\/2015\/08\/Stralsundbilder-022-225x300.jpg","type":"","width":"","height":""}],"twitter_card":"summary_large_image","twitter_misc":{"Gesch\u00e4tzte Lesezeit":"1\u00a0Minute"},"schema":{"@context":"https:\/\/schema.org","@graph":[{"@type":"WebPage","@id":"https:\/\/www.baptisten-stralsund.de\/EFGwordpress\/","url":"https:\/\/www.baptisten-stralsund.de\/EFGwordpress\/","name":"Home - EFG Stralsund und Grimmen","isPartOf":{"@id":"https:\/\/www.baptisten-stralsund.de\/EFGwordpress\/#website"},"primaryImageOfPage":{"@id":"https:\/\/www.baptisten-stralsund.de\/EFGwordpress\/#primaryimage"},"image":{"@id":"https:\/\/www.baptisten-stralsund.de\/EFGwordpress\/#primaryimage"},"thumbnailUrl":"http:\/\/www.baptisten-stralsund.de\/EFGwordpress\/wp-content\/uploads\/2015\/08\/Stralsundbilder-022-225x300.jpg","datePublished":"2015-08-31T16:06:27+00:00","dateModified":"2021-06-21T18:20:19+00:00","breadcrumb":{"@id":"https:\/\/www.baptisten-stralsund.de\/EFGwordpress\/#breadcrumb"},"inLanguage":"de","potentialAction":[{"@type":"ReadAction","target":["https:\/\/www.baptisten-stralsund.de\/EFGwordpress\/"]}]},{"@type":"ImageObject","inLanguage":"de","@id":"https:\/\/www.baptisten-stralsund.de\/EFGwordpress\/#primaryimage","url":"http:\/\/www.baptisten-stralsund.de\/EFGwordpress\/wp-content\/uploads\/2015\/08\/Stralsundbilder-022-225x300.jpg","contentUrl":"http:\/\/www.baptisten-stralsund.de\/EFGwordpress\/wp-content\/uploads\/2015\/08\/Stralsundbilder-022-225x300.jpg"},{"@type":"BreadcrumbList","@id":"https:\/\/www.baptisten-stralsund.de\/EFGwordpress\/#breadcrumb","itemListElement":[{"@type":"ListItem","position":1,"name":"Startseite","item":"https:\/\/www.baptisten-stralsund.de\/EFGwordpress\/"},{"@type":"ListItem","position":2,"name":"Home"}]},{"@type":"WebSite","@id":"https:\/\/www.baptisten-stralsund.de\/EFGwordpress\/#website","url":"https:\/\/www.baptisten-stralsund.de\/EFGwordpress\/","name":"EFG Stralsund und Grimmen","description":"Evangelisch-Freikirchliche Gemeinde Stralsund und Grimmen","potentialAction":[{"@type":"SearchAction","target":{"@type":"EntryPoint","urlTemplate":"https:\/\/www.baptisten-stralsund.de\/EFGwordpress\/?s={search_term_string}"},"query-input":{"@type":"PropertyValueSpecification","valueRequired":true,"valueName":"search_term_string"}}],"inLanguage":"de"}]}},"jetpack_sharing_enabled":true,"jetpack_shortlink":"https:\/\/wp.me\/P7w95l-2","jetpack-related-posts":[{"id":46,"url":"https:\/\/www.baptisten-stralsund.de\/EFGwordpress\/links\/","url_meta":{"origin":2,"position":0},"title":"Links","author":"EFGHSTGMN","date":"7. Mai 2016","format":false,"excerpt":"Hier einige Links zu Freunden, anderen Gemeinden, Organisationen. Wir \u00fcbernehmen keine Verantwortung f\u00fcr die Inhalte dieser Links, da wir keinen Einfluss darauf haben. Bund Evangelisch-Freikirchlicher Gemeinden in Deutschland Baptisten in Deutschland. Evangelisch-Freikirchliche Gemeinden in MV Baptisten im Landesverband Mecklenburg-Vorpommern. Gemeindejugendwerk Mecklenburg-Vorpommern Freizeiten, Events und Schulungen f\u00fcr Kinder und Jugendliche Oncken-Verlag\u00a0\u2026","rel":"","context":"\u00c4hnlicher Beitrag","block_context":{"text":"\u00c4hnlicher Beitrag","link":""},"img":{"alt_text":"","src":"","width":0,"height":0},"classes":[]},{"id":5,"url":"https:\/\/www.baptisten-stralsund.de\/EFGwordpress\/gottesdienst\/","url_meta":{"origin":2,"position":1},"title":"Gottesdienst","author":"EFGHSTGMN","date":"31. August 2015","format":false,"excerpt":"Der Gottesdienst ist die zentrale Veranstaltung unserer Gemeinde in der Woche. Wir beginnen um 10.00 Uhr und freuen uns \u00fcber G\u00e4ste jeden Alters. Der Umgangston ist locker und freundlich, die Musik vielf\u00e4ltig und modern. Das Programm wird von vielen verschiedenen Leuten gestaltet.\u00a0Die Predigt wird in einem verst\u00e4ndlichen Deutsch gehalten und\u2026","rel":"","context":"\u00c4hnlicher Beitrag","block_context":{"text":"\u00c4hnlicher Beitrag","link":""},"img":{"alt_text":"GemeindehausHST02","src":"https:\/\/i0.wp.com\/www.baptisten-stralsund.de\/EFGwordpress\/wp-content\/uploads\/2015\/08\/GemeindehausHST02-173x300.jpg?resize=350%2C200","width":350,"height":200},"classes":[]},{"id":314,"url":"https:\/\/www.baptisten-stralsund.de\/EFGwordpress\/grimmen\/","url_meta":{"origin":2,"position":2},"title":"Grimmen","author":"EFGHSTGMN","date":"8. Juli 2016","format":false,"excerpt":"Die T\u00fcren unseres Gemeindehauses sind f\u00fcr alle G\u00e4ste weit ge\u00f6ffnet; wir legen gro\u00dfen Wert auf diepers\u00f6nliche Begegnung. Dazu dient neben dem Gottesdienst amSonntagmorgen um 10.00 Uhr auch dasanschlie\u00dfende Gemeindecaf\u00e9. \u00a0","rel":"","context":"\u00c4hnlicher Beitrag","block_context":{"text":"\u00c4hnlicher Beitrag","link":""},"img":{"alt_text":"GMN-Hoffnungskirche-logo","src":"https:\/\/i0.wp.com\/www.baptisten-stralsund.de\/EFGwordpress\/wp-content\/uploads\/2016\/07\/GMN-Hoffnungskirche-logo-300x92.png?resize=350%2C200","width":350,"height":200},"classes":[]},{"id":40,"url":"https:\/\/www.baptisten-stralsund.de\/EFGwordpress\/kontakt\/","url_meta":{"origin":2,"position":3},"title":"Kontakt","author":"EFGHSTGMN","date":"7. Mai 2016","format":false,"excerpt":"Kontakt: email@baptisten-stralsund.de Pastor: Daniel M\u00fcller (03831 458500) pastor@baptisten-stralsund.de Gemeindeleitung: Christoph L\u00f6wen & Marco Stange gemeindeleitung@baptisten-stralsund.de Jugend:\u00a0jugend@baptisten-stralsund.de Bankverbindung: IBAN: DE82 5009 2100 0000 6556 00\u00a0 \u00a0BIC: GENODE51BH2","rel":"","context":"\u00c4hnlicher Beitrag","block_context":{"text":"\u00c4hnlicher Beitrag","link":""},"img":{"alt_text":"","src":"","width":0,"height":0},"classes":[]},{"id":603,"url":"https:\/\/www.baptisten-stralsund.de\/EFGwordpress\/datenschutzerklaerung\/","url_meta":{"origin":2,"position":4},"title":"Impressum\/Datenschutzerkl\u00e4rung","author":"EFGHSTGMN","date":"23. Mai 2018","format":false,"excerpt":"Pr\u00e4ambelWir, die Evangelisch-Freikirchliche Gemeinde Stralsund (Baptisten) im Bund Evangelisch-Freikirchlicher Gemeinden in Deutschland K.d.\u00f6.R. legen besonderen Wert auf den sicheren Umgang mit Ihren Daten. Die Evangelisch-Freikirchliche Gemeinde Stralsund (Baptisten) ist Teil des Bundes Evangelisch-Freikirchlicher Gemeinden in Deutschland (Baptisten) K.d.\u00f6.R. (http:\/\/www.befg.de) und unterliegt daher nicht der EU-DSGVO. Stattdessen findet die Datenschutzordnung des\u2026","rel":"","context":"\u00c4hnlicher Beitrag","block_context":{"text":"\u00c4hnlicher Beitrag","link":""},"img":{"alt_text":"","src":"","width":0,"height":0},"classes":[]}],"_links":{"self":[{"href":"https:\/\/www.baptisten-stralsund.de\/EFGwordpress\/wp-json\/wp\/v2\/pages\/2","targetHints":{"allow":["GET"]}}],"collection":[{"href":"https:\/\/www.baptisten-stralsund.de\/EFGwordpress\/wp-json\/wp\/v2\/pages"}],"about":[{"href":"https:\/\/www.baptisten-stralsund.de\/EFGwordpress\/wp-json\/wp\/v2\/types\/page"}],"author":[{"embeddable":true,"href":"https:\/\/www.baptisten-stralsund.de\/EFGwordpress\/wp-json\/wp\/v2\/users\/1"}],"replies":[{"embeddable":true,"href":"https:\/\/www.baptisten-stralsund.de\/EFGwordpress\/wp-json\/wp\/v2\/comments?post=2"}],"version-history":[{"count":30,"href":"https:\/\/www.baptisten-stralsund.de\/EFGwordpress\/wp-json\/wp\/v2\/pages\/2\/revisions"}],"predecessor-version":[{"id":959,"href":"https:\/\/www.baptisten-stralsund.de\/EFGwordpress\/wp-json\/wp\/v2\/pages\/2\/revisions\/959"}],"wp:attachment":[{"href":"https:\/\/www.baptisten-stralsund.de\/EFGwordpress\/wp-json\/wp\/v2\/media?parent=2"}],"curies":[{"name":"wp","href":"https:\/\/api.w.org\/{rel}","templated":true}]}}